{"id":13637,"date":"2025-01-17T09:44:57","date_gmt":"2025-01-17T08:44:57","guid":{"rendered":"https:\/\/lindenpark.pl\/?post_type=tribe_events&#038;p=13637"},"modified":"2025-01-23T16:55:27","modified_gmt":"2025-01-23T15:55:27","slug":"%f0%9f%90%8a-spotkanie-z-gadami-linden-park-aleja-bielany","status":"publish","type":"tribe_events","link":"https:\/\/lindenpark.pl\/en\/wydarzenie\/%f0%9f%90%8a-spotkanie-z-gadami-linden-park-aleja-bielany\/","title":{"rendered":"\ud83d\udc0a Spotkanie z gadami | Linden Park Aleja Bielany"},"content":{"rendered":"<div class=\"xdj266r x11i5rnm xat24cr x1mh8g0r x1vvkbs x126k92a\">\n<div dir=\"auto\">Zanurz si\u0119 w \u015bwiat gad\u00f3w i odkryj ich niezwyk\u0142e pi\u0119kno w Linden Parku! <span class=\"html-span xexx8yu x4uap5 x18d9i69 xkhd6sd x1hl2dhg x16tdsg8 x1vvkbs x3nfvp2 x1j61x8r x1fcty0u xdj266r xat24cr xgzva0m xhhsvwb xxymvpz xlup9mm x1kky2od\"><img decoding=\"async\" class=\"xz74otr\" src=\"https:\/\/static.xx.fbcdn.net\/images\/emoji.php\/v9\/te0\/1\/16\/1f31f.png\" alt=\"\ud83c\udf1f\" width=\"16\" height=\"16\" \/><\/span><span class=\"html-span xexx8yu x4uap5 x18d9i69 xkhd6sd x1hl2dhg x16tdsg8 x1vvkbs x3nfvp2 x1j61x8r x1fcty0u xdj266r xat24cr xgzva0m xhhsvwb xxymvpz xlup9mm x1kky2od\"><img decoding=\"async\" class=\"xz74otr\" src=\"https:\/\/static.xx.fbcdn.net\/images\/emoji.php\/v9\/t3e\/1\/16\/1f98e.png\" alt=\"\ud83e\udd8e\" width=\"16\" height=\"16\" \/><\/span><\/div>\n<div dir=\"auto\"><\/div>\n<div dir=\"auto\">To niepowtarzalna okazja, by pozna\u0107 te fascynuj\u0105ce stworzenia z bliska. Przyjd\u017a na spotkanie pe\u0142ne emocji i bezpo\u015bredniego kontaktu z tymi niezwyk\u0142ymi stworzeniami.<\/div>\n<\/div>\n<div class=\"x11i5rnm xat24cr x1mh8g0r x1vvkbs xtlvy1s x126k92a\">\n<div dir=\"auto\"><\/div>\n<div dir=\"auto\">Czeka na Ciebie mn\u00f3stwo atrakcji:<\/div>\n<div dir=\"auto\"><span class=\"html-span xexx8yu x4uap5 x18d9i69 xkhd6sd x1hl2dhg x16tdsg8 x1vvkbs x3nfvp2 x1j61x8r x1fcty0u xdj266r xat24cr xgzva0m xhhsvwb xxymvpz xlup9mm x1kky2od\"><img decoding=\"async\" class=\"xz74otr\" src=\"https:\/\/static.xx.fbcdn.net\/images\/emoji.php\/v9\/tde\/1\/16\/1f4f8.png\" alt=\"\ud83d\udcf8\" width=\"16\" height=\"16\" \/><\/span> zr\u00f3b niesamowite fotografie, kt\u00f3re b\u0119d\u0105 wspania\u0142\u0105 pami\u0105tk\u0105<\/div>\n<div dir=\"auto\"><span class=\"html-span xexx8yu x4uap5 x18d9i69 xkhd6sd x1hl2dhg x16tdsg8 x1vvkbs x3nfvp2 x1j61x8r x1fcty0u xdj266r xat24cr xgzva0m xhhsvwb xxymvpz xlup9mm x1kky2od\"><img loading=\"lazy\" decoding=\"async\" class=\"xz74otr\" src=\"https:\/\/static.xx.fbcdn.net\/images\/emoji.php\/v9\/t8c\/1\/16\/1f389.png\" alt=\"\ud83c\udf89\" width=\"16\" height=\"16\" \/><\/span> poczuj rado\u015b\u0107, trzymaj\u0105c i g\u0142aszcz\u0105c gady, kt\u00f3re z pewno\u015bci\u0105 Ci\u0119 zaskocz\u0105<\/div>\n<div dir=\"auto\"><span class=\"html-span xexx8yu x4uap5 x18d9i69 xkhd6sd x1hl2dhg x16tdsg8 x1vvkbs x3nfvp2 x1j61x8r x1fcty0u xdj266r xat24cr xgzva0m xhhsvwb xxymvpz xlup9mm x1kky2od\"><img loading=\"lazy\" decoding=\"async\" class=\"xz74otr\" src=\"https:\/\/static.xx.fbcdn.net\/images\/emoji.php\/v9\/t68\/1\/16\/1fac2.png\" alt=\"\ud83e\udec2\" width=\"16\" height=\"16\" \/><\/span> stworzymy przyjazn\u0105 i bezpieczn\u0105 atmosfer\u0119, gdzie ka\u017cdy, niezale\u017cnie od wieku, b\u0119dzie m\u00f3g\u0142 poczu\u0107 si\u0119 komfortowo i swobodnie<\/div>\n<\/div>\n<div class=\"x11i5rnm xat24cr x1mh8g0r x1vvkbs xtlvy1s x126k92a\">\n<div dir=\"auto\"><\/div>\n<div dir=\"auto\">Niech ta chwila b\u0119dzie wyj\u0105tkowa! Zapro\u015b rodzin\u0119, przyjaci\u00f3\u0142 i wszystkich, kt\u00f3rzy pragn\u0105 doda\u0107 odrobin\u0119 przygody do swojego dnia. Czekamy na Ciebie w Linden Parku. Nie przegap tej wyj\u0105tkowej okazji\u2013 razem stw\u00f3rzmy magiczne chwile! <span class=\"html-span xexx8yu x4uap5 x18d9i69 xkhd6sd x1hl2dhg x16tdsg8 x1vvkbs x3nfvp2 x1j61x8r x1fcty0u xdj266r xat24cr xgzva0m xhhsvwb xxymvpz xlup9mm x1kky2od\"><img decoding=\"async\" class=\"xz74otr\" src=\"https:\/\/static.xx.fbcdn.net\/images\/emoji.php\/v9\/t3e\/1\/16\/1f98e.png\" alt=\"\ud83e\udd8e\" width=\"16\" height=\"16\" \/><\/span><span class=\"html-span xexx8yu x4uap5 x18d9i69 xkhd6sd x1hl2dhg x16tdsg8 x1vvkbs x3nfvp2 x1j61x8r x1fcty0u xdj266r xat24cr xgzva0m xhhsvwb xxymvpz xlup9mm x1kky2od\"><img decoding=\"async\" class=\"xz74otr\" src=\"https:\/\/static.xx.fbcdn.net\/images\/emoji.php\/v9\/te0\/1\/16\/1f31f.png\" alt=\"\ud83c\udf1f\" width=\"16\" height=\"16\" \/><\/span><\/div>\n<\/div>\n<div class=\"x11i5rnm xat24cr x1mh8g0r x1vvkbs xtlvy1s x126k92a\">\n<div dir=\"auto\"><\/div>\n<div dir=\"auto\">\n<div dir=\"auto\"><span class=\"html-span xexx8yu x4uap5 x18d9i69 xkhd6sd x1hl2dhg x16tdsg8 x1vvkbs x3nfvp2 x1j61x8r x1fcty0u xdj266r xat24cr xgzva0m xhhsvwb xxymvpz xlup9mm x1kky2od\"><img loading=\"lazy\" decoding=\"async\" class=\"xz74otr\" src=\"https:\/\/static.xx.fbcdn.net\/images\/emoji.php\/v9\/t7e\/1\/16\/1f4c5.png\" alt=\"\ud83d\udcc5\" width=\"16\" height=\"16\" \/><\/span> Kiedy? 25 stycznia o godzinie 16:00<\/div>\n<div dir=\"auto\"><span class=\"html-span xexx8yu x4uap5 x18d9i69 xkhd6sd x1hl2dhg x16tdsg8 x1vvkbs x3nfvp2 x1j61x8r x1fcty0u xdj266r xat24cr xgzva0m xhhsvwb xxymvpz xlup9mm x1kky2od\"><img loading=\"lazy\" decoding=\"async\" class=\"xz74otr\" src=\"https:\/\/static.xx.fbcdn.net\/images\/emoji.php\/v9\/t2d\/1\/16\/1f4cd.png\" alt=\"\ud83d\udccd\" width=\"16\" height=\"16\" \/><\/span> Gdzie? Linden Parku w Alei Bielany<\/div>\n<div dir=\"auto\"><span class=\"html-span xexx8yu x4uap5 x18d9i69 xkhd6sd x1hl2dhg x16tdsg8 x1vvkbs x3nfvp2 x1j61x8r x1fcty0u xdj266r xat24cr xgzva0m xhhsvwb xxymvpz xlup9mm x1kky2od\"><img loading=\"lazy\" decoding=\"async\" class=\"xz74otr\" src=\"https:\/\/static.xx.fbcdn.net\/images\/emoji.php\/v9\/td8\/1\/16\/1f39f.png\" alt=\"\ud83c\udf9f\ufe0f\" width=\"16\" height=\"16\" \/><\/span> Koszt udzia\u0142u:59 z\u0142<\/div>\n<\/div>\n<\/div>","protected":false},"excerpt":{"rendered":"<p>Zanurz si\u0119 w \u015bwiat gad\u00f3w i odkryj ich niezwyk\u0142e pi\u0119kno w Linden Parku! To niepowtarzalna okazja, by pozna\u0107 te fascynuj\u0105ce stworzenia z bliska. Przyjd\u017a na spotkanie pe\u0142ne emocji i bezpo\u015bredniego [&hellip;]<\/p>","protected":false},"author":6,"featured_media":13638,"template":"","meta":{"_price":"","_stock":"","_tribe_ticket_header":"","_tribe_default_ticket_provider":"","_tribe_ticket_capacity":"0","_ticket_start_date":"","_ticket_end_date":"","_tribe_ticket_show_description":"","_tribe_ticket_show_not_going":false,"_tribe_ticket_use_global_stock":"","_tribe_ticket_global_stock_level":"","_global_stock_mode":"","_global_stock_cap":"","_tribe_rsvp_for_event":"","_tribe_ticket_going_count":"","_tribe_ticket_not_going_count":"","_tribe_tickets_list":"[]","_tribe_ticket_has_attendee_info_fields":false,"_tribe_events_status":"","_tribe_events_status_reason":"","footnotes":"","_tec_slr_enabled":"","_tec_slr_layout":""},"tags":[],"tribe_events_cat":[73],"class_list":["post-13637","tribe_events","type-tribe_events","status-publish","has-post-thumbnail","hentry","tribe_events_cat-dla-dzieci","cat_dla-dzieci"],"yoast_head":"<!-- This site is optimized with the Yoast SEO plugin v26.0 - https:\/\/yoast.com\/wordpress\/plugins\/seo\/ -->\n<title>\ud83d\udc0a Spotkanie z gadami | Linden Park Aleja Bielany - Lindenpark<\/title>\n<meta name=\"robots\" content=\"index, follow, max-snippet:-1, max-image-preview:large, max-video-preview:-1\" \/>\n<link rel=\"canonical\" href=\"https:\/\/lindenpark.pl\/en\/wydarzenie\/\ud83d\udc0a-spotkanie-z-gadami-linden-park-aleja-bielany\/\" \/>\n<meta property=\"og:locale\" content=\"en_GB\" \/>\n<meta property=\"og:type\" content=\"article\" \/>\n<meta property=\"og:title\" content=\"\ud83d\udc0a Spotkanie z gadami | Linden Park Aleja Bielany - Lindenpark\" \/>\n<meta property=\"og:description\" content=\"Zanurz si\u0119 w \u015bwiat gad\u00f3w i odkryj ich niezwyk\u0142e pi\u0119kno w Linden Parku! To niepowtarzalna okazja, by pozna\u0107 te fascynuj\u0105ce stworzenia z bliska. Przyjd\u017a na spotkanie pe\u0142ne emocji i bezpo\u015bredniego [&hellip;]\" \/>\n<meta property=\"og:url\" content=\"https:\/\/lindenpark.pl\/en\/wydarzenie\/\ud83d\udc0a-spotkanie-z-gadami-linden-park-aleja-bielany\/\" \/>\n<meta property=\"og:site_name\" content=\"Lindenpark\" \/>\n<meta property=\"article:publisher\" content=\"https:\/\/www.facebook.com\/lindenpark.centrum\" \/>\n<meta property=\"article:modified_time\" content=\"2025-01-23T15:55:27+00:00\" \/>\n<meta property=\"og:image\" content=\"https:\/\/lindenpark.pl\/wp-content\/uploads\/2025\/01\/473677523_591583056956078_812696239803379163_n.jpg\" \/>\n\t<meta property=\"og:image:width\" content=\"1080\" \/>\n\t<meta property=\"og:image:height\" content=\"1080\" \/>\n\t<meta property=\"og:image:type\" content=\"image\/jpeg\" \/>\n<meta name=\"twitter:card\" content=\"summary_large_image\" \/>\n<meta name=\"twitter:site\" content=\"@KlockiLinden\" \/>\n<meta name=\"twitter:label1\" content=\"Estimated reading time\" \/>\n\t<meta name=\"twitter:data1\" content=\"3 minutes\" \/>\n<script type=\"application\/ld+json\" class=\"yoast-schema-graph\">{\"@context\":\"https:\/\/schema.org\",\"@graph\":[{\"@type\":\"WebPage\",\"@id\":\"https:\/\/lindenpark.pl\/wydarzenie\/%f0%9f%90%8a-spotkanie-z-gadami-linden-park-aleja-bielany\/\",\"url\":\"https:\/\/lindenpark.pl\/wydarzenie\/%f0%9f%90%8a-spotkanie-z-gadami-linden-park-aleja-bielany\/\",\"name\":\"\ud83d\udc0a Spotkanie z gadami | Linden Park Aleja Bielany - Lindenpark\",\"isPartOf\":{\"@id\":\"https:\/\/lindenpark.pl\/#website\"},\"primaryImageOfPage\":{\"@id\":\"https:\/\/lindenpark.pl\/wydarzenie\/%f0%9f%90%8a-spotkanie-z-gadami-linden-park-aleja-bielany\/#primaryimage\"},\"image\":{\"@id\":\"https:\/\/lindenpark.pl\/wydarzenie\/%f0%9f%90%8a-spotkanie-z-gadami-linden-park-aleja-bielany\/#primaryimage\"},\"thumbnailUrl\":\"https:\/\/lindenpark.pl\/wp-content\/uploads\/2025\/01\/473677523_591583056956078_812696239803379163_n.jpg\",\"datePublished\":\"2025-01-17T08:44:57+00:00\",\"dateModified\":\"2025-01-23T15:55:27+00:00\",\"breadcrumb\":{\"@id\":\"https:\/\/lindenpark.pl\/wydarzenie\/%f0%9f%90%8a-spotkanie-z-gadami-linden-park-aleja-bielany\/#breadcrumb\"},\"inLanguage\":\"en-GB\",\"potentialAction\":[{\"@type\":\"ReadAction\",\"target\":[\"https:\/\/lindenpark.pl\/wydarzenie\/%f0%9f%90%8a-spotkanie-z-gadami-linden-park-aleja-bielany\/\"]}]},{\"@type\":\"ImageObject\",\"inLanguage\":\"en-GB\",\"@id\":\"https:\/\/lindenpark.pl\/wydarzenie\/%f0%9f%90%8a-spotkanie-z-gadami-linden-park-aleja-bielany\/#primaryimage\",\"url\":\"https:\/\/lindenpark.pl\/wp-content\/uploads\/2025\/01\/473677523_591583056956078_812696239803379163_n.jpg\",\"contentUrl\":\"https:\/\/lindenpark.pl\/wp-content\/uploads\/2025\/01\/473677523_591583056956078_812696239803379163_n.jpg\",\"width\":1080,\"height\":1080},{\"@type\":\"BreadcrumbList\",\"@id\":\"https:\/\/lindenpark.pl\/wydarzenie\/%f0%9f%90%8a-spotkanie-z-gadami-linden-park-aleja-bielany\/#breadcrumb\",\"itemListElement\":[{\"@type\":\"ListItem\",\"position\":1,\"name\":\"Strona g\u0142\u00f3wna\",\"item\":\"https:\/\/lindenpark.pl\/\"},{\"@type\":\"ListItem\",\"position\":2,\"name\":\"Wydarzenia\",\"item\":\"https:\/\/lindenpark.pl\/wydarzenia\/\"},{\"@type\":\"ListItem\",\"position\":3,\"name\":\"\ud83d\udc0a Spotkanie z gadami | Linden Park Aleja Bielany\"}]},{\"@type\":\"WebSite\",\"@id\":\"https:\/\/lindenpark.pl\/#website\",\"url\":\"https:\/\/lindenpark.pl\/\",\"name\":\"Lindenpark - centrum kreatywnej zabawy\",\"description\":\"\",\"publisher\":{\"@id\":\"https:\/\/lindenpark.pl\/#organization\"},\"potentialAction\":[{\"@type\":\"SearchAction\",\"target\":{\"@type\":\"EntryPoint\",\"urlTemplate\":\"https:\/\/lindenpark.pl\/?s={search_term_string}\"},\"query-input\":{\"@type\":\"PropertyValueSpecification\",\"valueRequired\":true,\"valueName\":\"search_term_string\"}}],\"inLanguage\":\"en-GB\"},{\"@type\":\"Organization\",\"@id\":\"https:\/\/lindenpark.pl\/#organization\",\"name\":\"Lindenpark - centrum kreatywnej zabawy\",\"url\":\"https:\/\/lindenpark.pl\/\",\"logo\":{\"@type\":\"ImageObject\",\"inLanguage\":\"en-GB\",\"@id\":\"https:\/\/lindenpark.pl\/#\/schema\/logo\/image\/\",\"url\":\"https:\/\/lindenpark.pl\/wp-content\/uploads\/2022\/04\/lindenpark-logomobile.png\",\"contentUrl\":\"https:\/\/lindenpark.pl\/wp-content\/uploads\/2022\/04\/lindenpark-logomobile.png\",\"width\":150,\"height\":85,\"caption\":\"Lindenpark - centrum kreatywnej zabawy\"},\"image\":{\"@id\":\"https:\/\/lindenpark.pl\/#\/schema\/logo\/image\/\"},\"sameAs\":[\"https:\/\/www.facebook.com\/lindenpark.centrum\",\"https:\/\/x.com\/KlockiLinden\"]}]}<\/script>\n<!-- \/ Yoast SEO plugin. -->","yoast_head_json":{"title":"\ud83d\udc0a Spotkanie z gadami | Linden Park Aleja Bielany - Lindenpark","robots":{"index":"index","follow":"follow","max-snippet":"max-snippet:-1","max-image-preview":"max-image-preview:large","max-video-preview":"max-video-preview:-1"},"canonical":"https:\/\/lindenpark.pl\/en\/wydarzenie\/\ud83d\udc0a-spotkanie-z-gadami-linden-park-aleja-bielany\/","og_locale":"en_GB","og_type":"article","og_title":"\ud83d\udc0a Spotkanie z gadami | Linden Park Aleja Bielany - Lindenpark","og_description":"Zanurz si\u0119 w \u015bwiat gad\u00f3w i odkryj ich niezwyk\u0142e pi\u0119kno w Linden Parku! To niepowtarzalna okazja, by pozna\u0107 te fascynuj\u0105ce stworzenia z bliska. Przyjd\u017a na spotkanie pe\u0142ne emocji i bezpo\u015bredniego [&hellip;]","og_url":"https:\/\/lindenpark.pl\/en\/wydarzenie\/\ud83d\udc0a-spotkanie-z-gadami-linden-park-aleja-bielany\/","og_site_name":"Lindenpark","article_publisher":"https:\/\/www.facebook.com\/lindenpark.centrum","article_modified_time":"2025-01-23T15:55:27+00:00","og_image":[{"width":1080,"height":1080,"url":"https:\/\/lindenpark.pl\/wp-content\/uploads\/2025\/01\/473677523_591583056956078_812696239803379163_n.jpg","type":"image\/jpeg"}],"twitter_card":"summary_large_image","twitter_site":"@KlockiLinden","twitter_misc":{"Estimated reading time":"3 minutes"},"schema":{"@context":"https:\/\/schema.org","@graph":[{"@type":"WebPage","@id":"https:\/\/lindenpark.pl\/wydarzenie\/%f0%9f%90%8a-spotkanie-z-gadami-linden-park-aleja-bielany\/","url":"https:\/\/lindenpark.pl\/wydarzenie\/%f0%9f%90%8a-spotkanie-z-gadami-linden-park-aleja-bielany\/","name":"\ud83d\udc0a Spotkanie z gadami | Linden Park Aleja Bielany - Lindenpark","isPartOf":{"@id":"https:\/\/lindenpark.pl\/#website"},"primaryImageOfPage":{"@id":"https:\/\/lindenpark.pl\/wydarzenie\/%f0%9f%90%8a-spotkanie-z-gadami-linden-park-aleja-bielany\/#primaryimage"},"image":{"@id":"https:\/\/lindenpark.pl\/wydarzenie\/%f0%9f%90%8a-spotkanie-z-gadami-linden-park-aleja-bielany\/#primaryimage"},"thumbnailUrl":"https:\/\/lindenpark.pl\/wp-content\/uploads\/2025\/01\/473677523_591583056956078_812696239803379163_n.jpg","datePublished":"2025-01-17T08:44:57+00:00","dateModified":"2025-01-23T15:55:27+00:00","breadcrumb":{"@id":"https:\/\/lindenpark.pl\/wydarzenie\/%f0%9f%90%8a-spotkanie-z-gadami-linden-park-aleja-bielany\/#breadcrumb"},"inLanguage":"en-GB","potentialAction":[{"@type":"ReadAction","target":["https:\/\/lindenpark.pl\/wydarzenie\/%f0%9f%90%8a-spotkanie-z-gadami-linden-park-aleja-bielany\/"]}]},{"@type":"ImageObject","inLanguage":"en-GB","@id":"https:\/\/lindenpark.pl\/wydarzenie\/%f0%9f%90%8a-spotkanie-z-gadami-linden-park-aleja-bielany\/#primaryimage","url":"https:\/\/lindenpark.pl\/wp-content\/uploads\/2025\/01\/473677523_591583056956078_812696239803379163_n.jpg","contentUrl":"https:\/\/lindenpark.pl\/wp-content\/uploads\/2025\/01\/473677523_591583056956078_812696239803379163_n.jpg","width":1080,"height":1080},{"@type":"BreadcrumbList","@id":"https:\/\/lindenpark.pl\/wydarzenie\/%f0%9f%90%8a-spotkanie-z-gadami-linden-park-aleja-bielany\/#breadcrumb","itemListElement":[{"@type":"ListItem","position":1,"name":"Strona g\u0142\u00f3wna","item":"https:\/\/lindenpark.pl\/"},{"@type":"ListItem","position":2,"name":"Wydarzenia","item":"https:\/\/lindenpark.pl\/wydarzenia\/"},{"@type":"ListItem","position":3,"name":"\ud83d\udc0a Spotkanie z gadami | Linden Park Aleja Bielany"}]},{"@type":"WebSite","@id":"https:\/\/lindenpark.pl\/#website","url":"https:\/\/lindenpark.pl\/","name":"Lindenpark - centrum kreatywnej zabawy","description":"","publisher":{"@id":"https:\/\/lindenpark.pl\/#organization"},"potentialAction":[{"@type":"SearchAction","target":{"@type":"EntryPoint","urlTemplate":"https:\/\/lindenpark.pl\/?s={search_term_string}"},"query-input":{"@type":"PropertyValueSpecification","valueRequired":true,"valueName":"search_term_string"}}],"inLanguage":"en-GB"},{"@type":"Organization","@id":"https:\/\/lindenpark.pl\/#organization","name":"Lindenpark - centrum kreatywnej zabawy","url":"https:\/\/lindenpark.pl\/","logo":{"@type":"ImageObject","inLanguage":"en-GB","@id":"https:\/\/lindenpark.pl\/#\/schema\/logo\/image\/","url":"https:\/\/lindenpark.pl\/wp-content\/uploads\/2022\/04\/lindenpark-logomobile.png","contentUrl":"https:\/\/lindenpark.pl\/wp-content\/uploads\/2022\/04\/lindenpark-logomobile.png","width":150,"height":85,"caption":"Lindenpark - centrum kreatywnej zabawy"},"image":{"@id":"https:\/\/lindenpark.pl\/#\/schema\/logo\/image\/"},"sameAs":["https:\/\/www.facebook.com\/lindenpark.centrum","https:\/\/x.com\/KlockiLinden"]}]}},"ticketed":false,"_links":{"self":[{"href":"https:\/\/lindenpark.pl\/en\/wp-json\/wp\/v2\/tribe_events\/13637","targetHints":{"allow":["GET"]}}],"collection":[{"href":"https:\/\/lindenpark.pl\/en\/wp-json\/wp\/v2\/tribe_events"}],"about":[{"href":"https:\/\/lindenpark.pl\/en\/wp-json\/wp\/v2\/types\/tribe_events"}],"author":[{"embeddable":true,"href":"https:\/\/lindenpark.pl\/en\/wp-json\/wp\/v2\/users\/6"}],"version-history":[{"count":2,"href":"https:\/\/lindenpark.pl\/en\/wp-json\/wp\/v2\/tribe_events\/13637\/revisions"}],"predecessor-version":[{"id":13706,"href":"https:\/\/lindenpark.pl\/en\/wp-json\/wp\/v2\/tribe_events\/13637\/revisions\/13706"}],"wp:featuredmedia":[{"embeddable":true,"href":"https:\/\/lindenpark.pl\/en\/wp-json\/wp\/v2\/media\/13638"}],"wp:attachment":[{"href":"https:\/\/lindenpark.pl\/en\/wp-json\/wp\/v2\/media?parent=13637"}],"wp:term":[{"taxonomy":"post_tag","embeddable":true,"href":"https:\/\/lindenpark.pl\/en\/wp-json\/wp\/v2\/tags?post=13637"},{"taxonomy":"tribe_events_cat","embeddable":true,"href":"https:\/\/lindenpark.pl\/en\/wp-json\/wp\/v2\/tribe_events_cat?post=13637"}],"curies":[{"name":"wp","href":"https:\/\/api.w.org\/{rel}","templated":true}]}}