{"id":12145,"date":"2024-03-12T12:24:30","date_gmt":"2024-03-12T11:24:30","guid":{"rendered":"https:\/\/lindenpark.pl\/?post_type=tribe_events&#038;p=12145"},"modified":"2024-03-14T16:43:08","modified_gmt":"2024-03-14T15:43:08","slug":"gimnastyka-mamy-taty-smyka-w-linden-park","status":"publish","type":"tribe_events","link":"https:\/\/lindenpark.pl\/en\/wydarzenie\/gimnastyka-mamy-taty-smyka-w-linden-park\/","title":{"rendered":"Gimnastyka Mamy, Taty, Smyka w Linden Park"},"content":{"rendered":"<div class=\"xdj266r x11i5rnm xat24cr x1mh8g0r x1vvkbs\">\u201eGimnastyka mamy, taty, smyka\u201d w Linden Park Aleja Bielany.<\/div>\n<div><\/div>\n<div class=\"x11i5rnm xat24cr x1mh8g0r x1vvkbs xtlvy1s\">Warsztat ruchowy dla rodzic\u00f3w dzieci w wieku 4 -12 miesi\u0119cy lub starszych je\u015bli maluszek b\u0119dzie ch\u0119tny do zabawy w formie noszenia i tulenia.<\/div>\n<div class=\"x11i5rnm xat24cr x1mh8g0r x1vvkbs xtlvy1s\">Warsztat ten to wsp\u00f3lny czas aktywno\u015bci dla rodzica i ma\u0142ego dziecka, kt\u00f3remu b\u0119dzie towarzyszy\u0142 ruch i pozytywne emocje.<\/div>\n<div><\/div>\n<div class=\"x11i5rnm xat24cr x1mh8g0r x1vvkbs xtlvy1s\">Podczas warsztatu b\u0119dziecie miec\u0301 okazj\u0119 do nauczenia sie\u0328 jak wsp\u00f3lne zabawy przy wykorzystaniu prostych \u0107wicze\u0144 gimnastycznych, wierszyk\u00f3w i piosenek mog\u0105 wesprze\u0107 rozw\u00f3j ruchowy maluszka.<\/div>\n<div><\/div>\n<div class=\"x11i5rnm xat24cr x1mh8g0r x1vvkbs xtlvy1s\">Przygotuj sie\u0328 na: przytulanie, noszenie, masowanie, turlanie, wsp\u00f3lne \u0107wiczenia z dzieckiem oraz powr\u00f3t do<\/div>\n<div class=\"x11i5rnm xat24cr x1mh8g0r x1vvkbs xtlvy1s\">wierszyk\u00f3w z dzieci\u0144stwa. Ubierz wygodne ubranie.<\/div>\n<div><\/div>\n<div class=\"x11i5rnm xat24cr x1mh8g0r x1vvkbs xtlvy1s\">Czas trwania 25-30 minut.<\/div>\n<div><\/div>\n<div class=\"x11i5rnm xat24cr x1mh8g0r x1vvkbs xtlvy1s\">\n<p>Wst\u0119p wolny! Zapraszamy. \ud83d\ude42<\/p>\n<div class=\"x1i10hfl xjbqb8w x1ejq31n xd10rxx x1sy0etr x17r0tee x972fbf xcfux6l x1qhh985 xm0m39n x9f619 x1ypdohk xt0psk2 xe8uvvx xdj266r x11i5rnm xat24cr x1mh8g0r xexx8yu x4uap5 x18d9i69 xkhd6sd x16tdsg8 x1hl2dhg xggy1nq x1a2a7pz xt0b8zv xzsf02u x1s688f\" tabindex=\"0\" role=\"button\"><\/div>\n<\/div>","protected":false},"excerpt":{"rendered":"<p>\u201eGimnastyka mamy, taty, smyka\u201d w Linden Park Aleja Bielany. Warsztat ruchowy dla rodzic\u00f3w dzieci w wieku 4 -12 miesi\u0119cy lub starszych je\u015bli maluszek b\u0119dzie ch\u0119tny do zabawy w formie noszenia [&hellip;]<\/p>","protected":false},"author":6,"featured_media":12223,"template":"","meta":{"_price":"","_stock":"","_tribe_ticket_header":"","_tribe_default_ticket_provider":"","_tribe_ticket_capacity":"0","_ticket_start_date":"","_ticket_end_date":"","_tribe_ticket_show_description":"","_tribe_ticket_show_not_going":false,"_tribe_ticket_use_global_stock":"","_tribe_ticket_global_stock_level":"","_global_stock_mode":"","_global_stock_cap":"","_tribe_rsvp_for_event":"","_tribe_ticket_going_count":"","_tribe_ticket_not_going_count":"","_tribe_tickets_list":"[]","_tribe_ticket_has_attendee_info_fields":false,"_tribe_events_status":"","_tribe_events_status_reason":"","footnotes":"","_tec_slr_enabled":"","_tec_slr_layout":""},"tags":[],"tribe_events_cat":[74,73],"class_list":["post-12145","tribe_events","type-tribe_events","status-publish","has-post-thumbnail","hentry","tribe_events_cat-dla-doroslych","tribe_events_cat-dla-dzieci","cat_dla-doroslych","cat_dla-dzieci"],"yoast_head":"<!-- This site is optimized with the Yoast SEO plugin v26.0 - https:\/\/yoast.com\/wordpress\/plugins\/seo\/ -->\n<title>Gimnastyka Mamy, Taty, Smyka w Linden Park - Lindenpark<\/title>\n<meta name=\"description\" content=\"\u201eGimnastyka mamy, taty, smyka\u201d w Linden Park Aleja Bielany. Zapraszamy na zaj\u0119cia - wst\u0119p wolny dla wszystkich!\" \/>\n<meta name=\"robots\" content=\"index, follow, max-snippet:-1, max-image-preview:large, max-video-preview:-1\" \/>\n<link rel=\"canonical\" href=\"https:\/\/lindenpark.pl\/en\/wydarzenie\/gimnastyka-mamy-taty-smyka-w-linden-park\/\" \/>\n<meta property=\"og:locale\" content=\"en_GB\" \/>\n<meta property=\"og:type\" content=\"article\" \/>\n<meta property=\"og:title\" content=\"Gimnastyka Mamy, Taty, Smyka w Linden Park - Lindenpark\" \/>\n<meta property=\"og:description\" content=\"\u201eGimnastyka mamy, taty, smyka\u201d w Linden Park Aleja Bielany. Zapraszamy na zaj\u0119cia - wst\u0119p wolny dla wszystkich!\" \/>\n<meta property=\"og:url\" content=\"https:\/\/lindenpark.pl\/en\/wydarzenie\/gimnastyka-mamy-taty-smyka-w-linden-park\/\" \/>\n<meta property=\"og:site_name\" content=\"Lindenpark\" \/>\n<meta property=\"article:publisher\" content=\"https:\/\/www.facebook.com\/lindenpark.centrum\" \/>\n<meta property=\"article:modified_time\" content=\"2024-03-14T15:43:08+00:00\" \/>\n<meta property=\"og:image\" content=\"https:\/\/lindenpark.pl\/wp-content\/uploads\/2024\/03\/430760060_386656827448703_705867335883737120_n.jpg\" \/>\n\t<meta property=\"og:image:width\" content=\"2048\" \/>\n\t<meta property=\"og:image:height\" content=\"1536\" \/>\n\t<meta property=\"og:image:type\" content=\"image\/jpeg\" \/>\n<meta name=\"twitter:card\" content=\"summary_large_image\" \/>\n<meta name=\"twitter:site\" content=\"@KlockiLinden\" \/>\n<meta name=\"twitter:label1\" content=\"Estimated reading time\" \/>\n\t<meta name=\"twitter:data1\" content=\"1 minute\" \/>\n<script type=\"application\/ld+json\" class=\"yoast-schema-graph\">{\"@context\":\"https:\/\/schema.org\",\"@graph\":[{\"@type\":\"WebPage\",\"@id\":\"https:\/\/lindenpark.pl\/wydarzenie\/gimnastyka-mamy-taty-smyka-w-linden-park\/\",\"url\":\"https:\/\/lindenpark.pl\/wydarzenie\/gimnastyka-mamy-taty-smyka-w-linden-park\/\",\"name\":\"Gimnastyka Mamy, Taty, Smyka w Linden Park - Lindenpark\",\"isPartOf\":{\"@id\":\"https:\/\/lindenpark.pl\/#website\"},\"primaryImageOfPage\":{\"@id\":\"https:\/\/lindenpark.pl\/wydarzenie\/gimnastyka-mamy-taty-smyka-w-linden-park\/#primaryimage\"},\"image\":{\"@id\":\"https:\/\/lindenpark.pl\/wydarzenie\/gimnastyka-mamy-taty-smyka-w-linden-park\/#primaryimage\"},\"thumbnailUrl\":\"https:\/\/lindenpark.pl\/wp-content\/uploads\/2024\/03\/430760060_386656827448703_705867335883737120_n.jpg\",\"datePublished\":\"2024-03-12T11:24:30+00:00\",\"dateModified\":\"2024-03-14T15:43:08+00:00\",\"description\":\"\u201eGimnastyka mamy, taty, smyka\u201d w Linden Park Aleja Bielany. Zapraszamy na zaj\u0119cia - wst\u0119p wolny dla wszystkich!\",\"breadcrumb\":{\"@id\":\"https:\/\/lindenpark.pl\/wydarzenie\/gimnastyka-mamy-taty-smyka-w-linden-park\/#breadcrumb\"},\"inLanguage\":\"en-GB\",\"potentialAction\":[{\"@type\":\"ReadAction\",\"target\":[\"https:\/\/lindenpark.pl\/wydarzenie\/gimnastyka-mamy-taty-smyka-w-linden-park\/\"]}]},{\"@type\":\"ImageObject\",\"inLanguage\":\"en-GB\",\"@id\":\"https:\/\/lindenpark.pl\/wydarzenie\/gimnastyka-mamy-taty-smyka-w-linden-park\/#primaryimage\",\"url\":\"https:\/\/lindenpark.pl\/wp-content\/uploads\/2024\/03\/430760060_386656827448703_705867335883737120_n.jpg\",\"contentUrl\":\"https:\/\/lindenpark.pl\/wp-content\/uploads\/2024\/03\/430760060_386656827448703_705867335883737120_n.jpg\",\"width\":2048,\"height\":1536},{\"@type\":\"BreadcrumbList\",\"@id\":\"https:\/\/lindenpark.pl\/wydarzenie\/gimnastyka-mamy-taty-smyka-w-linden-park\/#breadcrumb\",\"itemListElement\":[{\"@type\":\"ListItem\",\"position\":1,\"name\":\"Strona g\u0142\u00f3wna\",\"item\":\"https:\/\/lindenpark.pl\/\"},{\"@type\":\"ListItem\",\"position\":2,\"name\":\"Wydarzenia\",\"item\":\"https:\/\/lindenpark.pl\/wydarzenia\/\"},{\"@type\":\"ListItem\",\"position\":3,\"name\":\"Gimnastyka Mamy, Taty, Smyka w Linden Park\"}]},{\"@type\":\"WebSite\",\"@id\":\"https:\/\/lindenpark.pl\/#website\",\"url\":\"https:\/\/lindenpark.pl\/\",\"name\":\"Lindenpark - centrum kreatywnej zabawy\",\"description\":\"\",\"publisher\":{\"@id\":\"https:\/\/lindenpark.pl\/#organization\"},\"potentialAction\":[{\"@type\":\"SearchAction\",\"target\":{\"@type\":\"EntryPoint\",\"urlTemplate\":\"https:\/\/lindenpark.pl\/?s={search_term_string}\"},\"query-input\":{\"@type\":\"PropertyValueSpecification\",\"valueRequired\":true,\"valueName\":\"search_term_string\"}}],\"inLanguage\":\"en-GB\"},{\"@type\":\"Organization\",\"@id\":\"https:\/\/lindenpark.pl\/#organization\",\"name\":\"Lindenpark - centrum kreatywnej zabawy\",\"url\":\"https:\/\/lindenpark.pl\/\",\"logo\":{\"@type\":\"ImageObject\",\"inLanguage\":\"en-GB\",\"@id\":\"https:\/\/lindenpark.pl\/#\/schema\/logo\/image\/\",\"url\":\"https:\/\/lindenpark.pl\/wp-content\/uploads\/2022\/04\/lindenpark-logomobile.png\",\"contentUrl\":\"https:\/\/lindenpark.pl\/wp-content\/uploads\/2022\/04\/lindenpark-logomobile.png\",\"width\":150,\"height\":85,\"caption\":\"Lindenpark - centrum kreatywnej zabawy\"},\"image\":{\"@id\":\"https:\/\/lindenpark.pl\/#\/schema\/logo\/image\/\"},\"sameAs\":[\"https:\/\/www.facebook.com\/lindenpark.centrum\",\"https:\/\/x.com\/KlockiLinden\"]}]}<\/script>\n<!-- \/ Yoast SEO plugin. -->","yoast_head_json":{"title":"Gimnastyka Mamy, Taty, Smyka w Linden Park - Lindenpark","description":"\u201eGimnastyka mamy, taty, smyka\u201d w Linden Park Aleja Bielany. Zapraszamy na zaj\u0119cia - wst\u0119p wolny dla wszystkich!","robots":{"index":"index","follow":"follow","max-snippet":"max-snippet:-1","max-image-preview":"max-image-preview:large","max-video-preview":"max-video-preview:-1"},"canonical":"https:\/\/lindenpark.pl\/en\/wydarzenie\/gimnastyka-mamy-taty-smyka-w-linden-park\/","og_locale":"en_GB","og_type":"article","og_title":"Gimnastyka Mamy, Taty, Smyka w Linden Park - Lindenpark","og_description":"\u201eGimnastyka mamy, taty, smyka\u201d w Linden Park Aleja Bielany. Zapraszamy na zaj\u0119cia - wst\u0119p wolny dla wszystkich!","og_url":"https:\/\/lindenpark.pl\/en\/wydarzenie\/gimnastyka-mamy-taty-smyka-w-linden-park\/","og_site_name":"Lindenpark","article_publisher":"https:\/\/www.facebook.com\/lindenpark.centrum","article_modified_time":"2024-03-14T15:43:08+00:00","og_image":[{"width":2048,"height":1536,"url":"https:\/\/lindenpark.pl\/wp-content\/uploads\/2024\/03\/430760060_386656827448703_705867335883737120_n.jpg","type":"image\/jpeg"}],"twitter_card":"summary_large_image","twitter_site":"@KlockiLinden","twitter_misc":{"Estimated reading time":"1 minute"},"schema":{"@context":"https:\/\/schema.org","@graph":[{"@type":"WebPage","@id":"https:\/\/lindenpark.pl\/wydarzenie\/gimnastyka-mamy-taty-smyka-w-linden-park\/","url":"https:\/\/lindenpark.pl\/wydarzenie\/gimnastyka-mamy-taty-smyka-w-linden-park\/","name":"Gimnastyka Mamy, Taty, Smyka w Linden Park - Lindenpark","isPartOf":{"@id":"https:\/\/lindenpark.pl\/#website"},"primaryImageOfPage":{"@id":"https:\/\/lindenpark.pl\/wydarzenie\/gimnastyka-mamy-taty-smyka-w-linden-park\/#primaryimage"},"image":{"@id":"https:\/\/lindenpark.pl\/wydarzenie\/gimnastyka-mamy-taty-smyka-w-linden-park\/#primaryimage"},"thumbnailUrl":"https:\/\/lindenpark.pl\/wp-content\/uploads\/2024\/03\/430760060_386656827448703_705867335883737120_n.jpg","datePublished":"2024-03-12T11:24:30+00:00","dateModified":"2024-03-14T15:43:08+00:00","description":"\u201eGimnastyka mamy, taty, smyka\u201d w Linden Park Aleja Bielany. Zapraszamy na zaj\u0119cia - wst\u0119p wolny dla wszystkich!","breadcrumb":{"@id":"https:\/\/lindenpark.pl\/wydarzenie\/gimnastyka-mamy-taty-smyka-w-linden-park\/#breadcrumb"},"inLanguage":"en-GB","potentialAction":[{"@type":"ReadAction","target":["https:\/\/lindenpark.pl\/wydarzenie\/gimnastyka-mamy-taty-smyka-w-linden-park\/"]}]},{"@type":"ImageObject","inLanguage":"en-GB","@id":"https:\/\/lindenpark.pl\/wydarzenie\/gimnastyka-mamy-taty-smyka-w-linden-park\/#primaryimage","url":"https:\/\/lindenpark.pl\/wp-content\/uploads\/2024\/03\/430760060_386656827448703_705867335883737120_n.jpg","contentUrl":"https:\/\/lindenpark.pl\/wp-content\/uploads\/2024\/03\/430760060_386656827448703_705867335883737120_n.jpg","width":2048,"height":1536},{"@type":"BreadcrumbList","@id":"https:\/\/lindenpark.pl\/wydarzenie\/gimnastyka-mamy-taty-smyka-w-linden-park\/#breadcrumb","itemListElement":[{"@type":"ListItem","position":1,"name":"Strona g\u0142\u00f3wna","item":"https:\/\/lindenpark.pl\/"},{"@type":"ListItem","position":2,"name":"Wydarzenia","item":"https:\/\/lindenpark.pl\/wydarzenia\/"},{"@type":"ListItem","position":3,"name":"Gimnastyka Mamy, Taty, Smyka w Linden Park"}]},{"@type":"WebSite","@id":"https:\/\/lindenpark.pl\/#website","url":"https:\/\/lindenpark.pl\/","name":"Lindenpark - centrum kreatywnej zabawy","description":"","publisher":{"@id":"https:\/\/lindenpark.pl\/#organization"},"potentialAction":[{"@type":"SearchAction","target":{"@type":"EntryPoint","urlTemplate":"https:\/\/lindenpark.pl\/?s={search_term_string}"},"query-input":{"@type":"PropertyValueSpecification","valueRequired":true,"valueName":"search_term_string"}}],"inLanguage":"en-GB"},{"@type":"Organization","@id":"https:\/\/lindenpark.pl\/#organization","name":"Lindenpark - centrum kreatywnej zabawy","url":"https:\/\/lindenpark.pl\/","logo":{"@type":"ImageObject","inLanguage":"en-GB","@id":"https:\/\/lindenpark.pl\/#\/schema\/logo\/image\/","url":"https:\/\/lindenpark.pl\/wp-content\/uploads\/2022\/04\/lindenpark-logomobile.png","contentUrl":"https:\/\/lindenpark.pl\/wp-content\/uploads\/2022\/04\/lindenpark-logomobile.png","width":150,"height":85,"caption":"Lindenpark - centrum kreatywnej zabawy"},"image":{"@id":"https:\/\/lindenpark.pl\/#\/schema\/logo\/image\/"},"sameAs":["https:\/\/www.facebook.com\/lindenpark.centrum","https:\/\/x.com\/KlockiLinden"]}]}},"ticketed":false,"_links":{"self":[{"href":"https:\/\/lindenpark.pl\/en\/wp-json\/wp\/v2\/tribe_events\/12145","targetHints":{"allow":["GET"]}}],"collection":[{"href":"https:\/\/lindenpark.pl\/en\/wp-json\/wp\/v2\/tribe_events"}],"about":[{"href":"https:\/\/lindenpark.pl\/en\/wp-json\/wp\/v2\/types\/tribe_events"}],"author":[{"embeddable":true,"href":"https:\/\/lindenpark.pl\/en\/wp-json\/wp\/v2\/users\/6"}],"version-history":[{"count":0,"href":"https:\/\/lindenpark.pl\/en\/wp-json\/wp\/v2\/tribe_events\/12145\/revisions"}],"wp:featuredmedia":[{"embeddable":true,"href":"https:\/\/lindenpark.pl\/en\/wp-json\/wp\/v2\/media\/12223"}],"wp:attachment":[{"href":"https:\/\/lindenpark.pl\/en\/wp-json\/wp\/v2\/media?parent=12145"}],"wp:term":[{"taxonomy":"post_tag","embeddable":true,"href":"https:\/\/lindenpark.pl\/en\/wp-json\/wp\/v2\/tags?post=12145"},{"taxonomy":"tribe_events_cat","embeddable":true,"href":"https:\/\/lindenpark.pl\/en\/wp-json\/wp\/v2\/tribe_events_cat?post=12145"}],"curies":[{"name":"wp","href":"https:\/\/api.w.org\/{rel}","templated":true}]}}