{"id":10872,"date":"2022-09-09T13:25:44","date_gmt":"2022-09-09T13:25:44","guid":{"rendered":"https:\/\/lindenpark.pl\/?post_type=tribe_events&#038;p=10872"},"modified":"2022-09-09T13:26:53","modified_gmt":"2022-09-09T13:26:53","slug":"joga-dla-mam-wzmocnij-odpornosc-z-joga-17-09-2022-1100","status":"publish","type":"tribe_events","link":"https:\/\/lindenpark.pl\/en\/wydarzenie\/joga-dla-mam-wzmocnij-odpornosc-z-joga-17-09-2022-1100\/","title":{"rendered":"Joga dla mam &#8211; &#8222;Wzmocnij odporno\u015b\u0107 z jog\u0105&#8221; 17.09.2022, 11:00"},"content":{"rendered":"<div class=\"m8h3af8h l7ghb35v kjdc1dyq kmwttqpk gh25dzvf\">Wrzesie\u0144 to czas powrotu do szko\u0142y, pierwszych przezi\u0119bie\u0144 i zachorowa\u0144. Dla rodzic\u00f3w jest to bardzo trudny i wymagaj\u0105cy moment. Poza miodem, imbirem i czosnkiem mo\u017cna r\u00f3wnie\u017c budowa\u0107 odporno\u015b\u0107 za pomoc\u0105 jogi <span class=\"fxk3tzhb b2rh1bv3 gh55jysx m8h3af8h ewco64xe kjdc1dyq ms56khn7 bq6c9xl4 eohcrkr5 akh3l2rg\"><img decoding=\"async\" src=\"https:\/\/static.xx.fbcdn.net\/images\/emoji.php\/v9\/t4c\/1\/16\/1f642.png\" alt=\"\ud83d\ude42\" width=\"16\" height=\"16\" \/><\/span><\/div>\n<div class=\"l7ghb35v kjdc1dyq kmwttqpk gh25dzvf jikcssrz\">Joga jest odpowiedzi\u0105 na wszystko, r\u00f3wnie\u017c na takie dolegliwo\u015bci jak grypa, przezi\u0119bienie. Podczas warsztatu zajmiemy si\u0119 sztuk\u0105 koncentrowania si\u0119 na sobie, oddechu oraz poczuciu cia\u0142a i bycia w ciele. Asanami rozprawimy si\u0119 ze zbli\u017caj\u0105cymi si\u0119 symptomami przezi\u0119bienia: os\u0142abieniem, katarem, czy kaszlem. Nast\u0119pnie zregenerujemy si\u0119 w przyjemnym relaksie i na\u0142adujemy baterie na kolejny pi\u0119kny ju\u017c jesienny tydzie\u0144!<\/div>\n<div class=\"l7ghb35v kjdc1dyq kmwttqpk gh25dzvf jikcssrz\"><\/div>\n<div class=\"l7ghb35v kjdc1dyq kmwttqpk gh25dzvf jikcssrz\"><span class=\"fxk3tzhb b2rh1bv3 gh55jysx m8h3af8h ewco64xe kjdc1dyq ms56khn7 bq6c9xl4 eohcrkr5 akh3l2rg\"><img decoding=\"async\" src=\"https:\/\/static.xx.fbcdn.net\/images\/emoji.php\/v9\/tac\/1\/16\/1f4cc.png\" alt=\"\ud83d\udccc\" width=\"16\" height=\"16\" \/><\/span> Plan spotkania:<br \/>\n<span class=\"fxk3tzhb b2rh1bv3 gh55jysx m8h3af8h ewco64xe kjdc1dyq ms56khn7 bq6c9xl4 eohcrkr5 akh3l2rg\"><img decoding=\"async\" src=\"https:\/\/static.xx.fbcdn.net\/images\/emoji.php\/v9\/t72\/1\/16\/1f538.png\" alt=\"\ud83d\udd38\" width=\"16\" height=\"16\" \/><\/span>Wprowadzenie<br \/>\n<span class=\"fxk3tzhb b2rh1bv3 gh55jysx m8h3af8h ewco64xe kjdc1dyq ms56khn7 bq6c9xl4 eohcrkr5 akh3l2rg\"><img decoding=\"async\" src=\"https:\/\/static.xx.fbcdn.net\/images\/emoji.php\/v9\/t72\/1\/16\/1f538.png\" alt=\"\ud83d\udd38\" width=\"16\" height=\"16\" \/><\/span>Koncentracja<br \/>\n<span class=\"fxk3tzhb b2rh1bv3 gh55jysx m8h3af8h ewco64xe kjdc1dyq ms56khn7 bq6c9xl4 eohcrkr5 akh3l2rg\"><img decoding=\"async\" src=\"https:\/\/static.xx.fbcdn.net\/images\/emoji.php\/v9\/t72\/1\/16\/1f538.png\" alt=\"\ud83d\udd38\" width=\"16\" height=\"16\" \/><\/span>Praktyka asan<br \/>\n<span class=\"fxk3tzhb b2rh1bv3 gh55jysx m8h3af8h ewco64xe kjdc1dyq ms56khn7 bq6c9xl4 eohcrkr5 akh3l2rg\"><img decoding=\"async\" src=\"https:\/\/static.xx.fbcdn.net\/images\/emoji.php\/v9\/t72\/1\/16\/1f538.png\" alt=\"\ud83d\udd38\" width=\"16\" height=\"16\" \/><\/span>Pranayama- sztuka oddechu<br \/>\n<span class=\"fxk3tzhb b2rh1bv3 gh55jysx m8h3af8h ewco64xe kjdc1dyq ms56khn7 bq6c9xl4 eohcrkr5 akh3l2rg\"><img decoding=\"async\" src=\"https:\/\/static.xx.fbcdn.net\/images\/emoji.php\/v9\/t72\/1\/16\/1f538.png\" alt=\"\ud83d\udd38\" width=\"16\" height=\"16\" \/><\/span>Relaksacja &#8211; sztuka regeneracji<\/div>\n<div class=\"l7ghb35v kjdc1dyq kmwttqpk gh25dzvf jikcssrz\">Zapraszamy do odwiedzin z dzie\u0107mi!<br \/>\nW czasie warsztatu maluszkami zajm\u0105 si\u0119 wyspecjalizowane animatorki.<\/div>\n<div class=\"l7ghb35v kjdc1dyq kmwttqpk gh25dzvf jikcssrz\">Data: 18.09.2022<br \/>\nGodzina 11:00 &#8211; 13:00<br \/>\nMiejsce: Linden Park, Galeria Dominika\u0144ska, Pi\u0119tro -1<br \/>\nProwadz\u0105ca: Marta Sawras (IG: @sawrasana)<\/div>\n<div class=\"l7ghb35v kjdc1dyq kmwttqpk gh25dzvf jikcssrz\"><\/div>\n<div class=\"l7ghb35v kjdc1dyq kmwttqpk gh25dzvf jikcssrz\"><span class=\"fxk3tzhb b2rh1bv3 gh55jysx m8h3af8h ewco64xe kjdc1dyq ms56khn7 bq6c9xl4 eohcrkr5 akh3l2rg\"><img loading=\"lazy\" decoding=\"async\" src=\"https:\/\/static.xx.fbcdn.net\/images\/emoji.php\/v9\/t50\/1\/16\/2757.png\" alt=\"\u2757\" width=\"16\" height=\"16\" \/><\/span>Bilety: <a class=\"qi72231t nu7423ey n3hqoq4p r86q59rh b3qcqh3k fq87ekyn bdao358l fsf7x5fv rse6dlih s5oniofx m8h3af8h l7ghb35v kjdc1dyq kmwttqpk srn514ro oxkhqvkx rl78xhln nch0832m cr00lzj9 rn8ck1ys s3jn8y49 icdlwmnq cxfqmxzd ezidihy3\" tabindex=\"0\" role=\"link\" href=\"https:\/\/l.facebook.com\/l.php?u=https%3A%2F%2Flindenpark.pl%2Fprodukt%2Fbilet-na-wydarzenie-wzmocnij-odpornosc-z-joga%2F%3Ffbclid%3DIwAR3W_SnkB37X7PB9bZtVS7y0p_fNoKVdLR5ovDqTAqelUmkflv-SZ-HiBTk&amp;h=AT2qe847eGAxk6QFP2TsgzxfHQidVOOjnt2nlIn8OVfEJlQbQ6h6vDvEqUjtlNPD-qG9zZ8XNdzSVQCJTDV0JqdFW5uEj1KDorD0jG0UwzUEUYfKws4kWYcMJUQU2KXhGmbci_Q1Tw&amp;__tn__=q&amp;c[0]=AT214sHUWsk9umAj0Cd5zGm0V-26dxUEGfMYSC1AqQkm_mph8JELLqDm7sD_PgHOzfuCjHlE5OT6LFRljcHhXAcY04GdIa5Ro7KVgqqMqbKByk2nk8tSGCraMP2KBoPqhv6uD0utuSNAR-winuKhAI38\" target=\"_blank\" rel=\"nofollow noopener\">https:\/\/lindenpark.pl\/&#8230;\/bilet-na-wydarzenie-wzmocnij&#8230;\/<\/a><\/div>\n<div class=\"l7ghb35v kjdc1dyq kmwttqpk gh25dzvf jikcssrz\">Cena warsztatu: 89,00 z\u0142<br \/>\n(cena zawiera zaj\u0119cia jogi oraz opiek\u0119 nad dzieckiem)<\/div>\n<div><\/div>\n<div>Wydarzeni na FB: <a href=\"https:\/\/www.facebook.com\/events\/1144173923163001\/?ref=newsfeed\">https:\/\/www.facebook.com\/events\/1144173923163001\/?ref=newsfeed<\/a><\/div>\n<div class=\"l7ghb35v kjdc1dyq kmwttqpk gh25dzvf jikcssrz\"><\/div>\n<div class=\"l7ghb35v kjdc1dyq kmwttqpk gh25dzvf jikcssrz\"><span class=\"fxk3tzhb b2rh1bv3 gh55jysx m8h3af8h ewco64xe kjdc1dyq ms56khn7 bq6c9xl4 eohcrkr5 akh3l2rg\"><img loading=\"lazy\" decoding=\"async\" src=\"https:\/\/static.xx.fbcdn.net\/images\/emoji.php\/v9\/t12\/1\/16\/1f505.png\" alt=\"\ud83d\udd05\" width=\"16\" height=\"16\" \/><\/span>Marta Sawras<br \/>\nJestem szcz\u0119\u015bciar\u0105! Obecnie realizuje si\u0119 w roli mamy mojej dwumiesi\u0119cznej Helenki i prowadzeniem jogowego kontentu dla kobiet w ci\u0105\u017cy.<\/div>\n<div class=\"l7ghb35v kjdc1dyq kmwttqpk gh25dzvf jikcssrz\">Jog\u0105 inspiruj\u0119 si\u0119 ju\u017c od 6 lat, praktykuj\u0119 wed\u0142ug metody Iyengara, kt\u00f3ra jest najbardziej uniwersalnym rodzajem jogi. Charakteryzuje si\u0119 dost\u0119pno\u015bci\u0105 ka\u017cdej asany, wi\u0119c stanie na g\u0142owie mo\u017ce by\u0107 osi\u0105galne dla ka\u017cdego!<\/div>\n<div class=\"l7ghb35v kjdc1dyq kmwttqpk gh25dzvf jikcssrz\">Obecnie moim ogromnym zainteresowaniem jest joga hormonalna: szczeg\u00f3lnie joga dla kobiet w ci\u0105\u017cy, w po\u0142ogu, czy z zaburzeniami menstruacji.<\/div>\n<div class=\"l7ghb35v kjdc1dyq kmwttqpk gh25dzvf jikcssrz\">Uwa\u017cam, \u017ce prawdziwa joga zaczyna si\u0119 po zej\u015bciu z maty. Staram si\u0119 \u017cy\u0107 w r\u00f3wnowadze &#8211; w zgodzie z sob\u0105 i natur\u0105. Chcia\u0142abym, \u017ceby ka\u017cdy czu\u0142 dowolno\u015b\u0107 w interpretowaniu jogi i dostosowa\u0142 j\u0105 do swoich potrzeb. Zale\u017cy mi na tym, by pokaza\u0107 j\u0105 jak najwi\u0119kszej ilo\u015bci os\u00f3b, bo jest tam przestrze\u0144 dla ka\u017cdego, bez wzgl\u0119du na wiek, p\u0142e\u0107 i pochodzenie.<\/div>","protected":false},"excerpt":{"rendered":"<p>Wrzesie\u0144 to czas powrotu do szko\u0142y, pierwszych przezi\u0119bie\u0144 i zachorowa\u0144. Dla rodzic\u00f3w jest to bardzo trudny i wymagaj\u0105cy moment. Poza miodem, imbirem i czosnkiem mo\u017cna r\u00f3wnie\u017c budowa\u0107 odporno\u015b\u0107 za pomoc\u0105 [&hellip;]<\/p>","protected":false},"author":5,"featured_media":10871,"template":"","meta":{"_price":"","_stock":"","_tribe_ticket_header":"","_tribe_default_ticket_provider":"","_tribe_ticket_capacity":"0","_ticket_start_date":"","_ticket_end_date":"","_tribe_ticket_show_description":"","_tribe_ticket_show_not_going":false,"_tribe_ticket_use_global_stock":"","_tribe_ticket_global_stock_level":"","_global_stock_mode":"","_global_stock_cap":"","_tribe_rsvp_for_event":"","_tribe_ticket_going_count":"","_tribe_ticket_not_going_count":"","_tribe_tickets_list":"[]","_tribe_ticket_has_attendee_info_fields":false,"_tribe_events_status":"","_tribe_events_status_reason":"","footnotes":"","_tec_slr_enabled":"","_tec_slr_layout":""},"tags":[],"tribe_events_cat":[74,73,89],"class_list":["post-10872","tribe_events","type-tribe_events","status-publish","has-post-thumbnail","hentry","tribe_events_cat-dla-doroslych","tribe_events_cat-dla-dzieci","tribe_events_cat-joga","cat_dla-doroslych","cat_dla-dzieci","cat_joga"],"yoast_head":"<!-- This site is optimized with the Yoast SEO plugin v26.0 - https:\/\/yoast.com\/wordpress\/plugins\/seo\/ -->\n<title>Joga dla mam - &quot;Wzmocnij odporno\u015b\u0107 z jog\u0105&quot; 17.09.2022, 11:00 - Lindenpark<\/title>\n<meta name=\"robots\" content=\"index, follow, max-snippet:-1, max-image-preview:large, max-video-preview:-1\" \/>\n<link rel=\"canonical\" href=\"https:\/\/lindenpark.pl\/en\/wydarzenie\/joga-dla-mam-wzmocnij-odpornosc-z-joga-17-09-2022-1100\/\" \/>\n<meta property=\"og:locale\" content=\"en_GB\" \/>\n<meta property=\"og:type\" content=\"article\" \/>\n<meta property=\"og:title\" content=\"Joga dla mam - &quot;Wzmocnij odporno\u015b\u0107 z jog\u0105&quot; 17.09.2022, 11:00 - Lindenpark\" \/>\n<meta property=\"og:description\" content=\"Wrzesie\u0144 to czas powrotu do szko\u0142y, pierwszych przezi\u0119bie\u0144 i zachorowa\u0144. Dla rodzic\u00f3w jest to bardzo trudny i wymagaj\u0105cy moment. Poza miodem, imbirem i czosnkiem mo\u017cna r\u00f3wnie\u017c budowa\u0107 odporno\u015b\u0107 za pomoc\u0105 [&hellip;]\" \/>\n<meta property=\"og:url\" content=\"https:\/\/lindenpark.pl\/en\/wydarzenie\/joga-dla-mam-wzmocnij-odpornosc-z-joga-17-09-2022-1100\/\" \/>\n<meta property=\"og:site_name\" content=\"Lindenpark\" \/>\n<meta property=\"article:publisher\" content=\"https:\/\/www.facebook.com\/lindenpark.centrum\" \/>\n<meta property=\"article:modified_time\" content=\"2022-09-09T13:26:53+00:00\" \/>\n<meta property=\"og:image\" content=\"https:\/\/lindenpark.pl\/wp-content\/uploads\/2022\/09\/Upcoming-Event.png\" \/>\n\t<meta property=\"og:image:width\" content=\"1080\" \/>\n\t<meta property=\"og:image:height\" content=\"1080\" \/>\n\t<meta property=\"og:image:type\" content=\"image\/png\" \/>\n<meta name=\"twitter:card\" content=\"summary_large_image\" \/>\n<meta name=\"twitter:site\" content=\"@KlockiLinden\" \/>\n<meta name=\"twitter:label1\" content=\"Estimated reading time\" \/>\n\t<meta name=\"twitter:data1\" content=\"4 minutes\" \/>\n<script type=\"application\/ld+json\" class=\"yoast-schema-graph\">{\"@context\":\"https:\/\/schema.org\",\"@graph\":[{\"@type\":\"WebPage\",\"@id\":\"https:\/\/lindenpark.pl\/wydarzenie\/joga-dla-mam-wzmocnij-odpornosc-z-joga-17-09-2022-1100\/\",\"url\":\"https:\/\/lindenpark.pl\/wydarzenie\/joga-dla-mam-wzmocnij-odpornosc-z-joga-17-09-2022-1100\/\",\"name\":\"Joga dla mam - \\\"Wzmocnij odporno\u015b\u0107 z jog\u0105\\\" 17.09.2022, 11:00 - Lindenpark\",\"isPartOf\":{\"@id\":\"https:\/\/lindenpark.pl\/#website\"},\"primaryImageOfPage\":{\"@id\":\"https:\/\/lindenpark.pl\/wydarzenie\/joga-dla-mam-wzmocnij-odpornosc-z-joga-17-09-2022-1100\/#primaryimage\"},\"image\":{\"@id\":\"https:\/\/lindenpark.pl\/wydarzenie\/joga-dla-mam-wzmocnij-odpornosc-z-joga-17-09-2022-1100\/#primaryimage\"},\"thumbnailUrl\":\"https:\/\/lindenpark.pl\/wp-content\/uploads\/2022\/09\/Upcoming-Event.png\",\"datePublished\":\"2022-09-09T13:25:44+00:00\",\"dateModified\":\"2022-09-09T13:26:53+00:00\",\"breadcrumb\":{\"@id\":\"https:\/\/lindenpark.pl\/wydarzenie\/joga-dla-mam-wzmocnij-odpornosc-z-joga-17-09-2022-1100\/#breadcrumb\"},\"inLanguage\":\"en-GB\",\"potentialAction\":[{\"@type\":\"ReadAction\",\"target\":[\"https:\/\/lindenpark.pl\/wydarzenie\/joga-dla-mam-wzmocnij-odpornosc-z-joga-17-09-2022-1100\/\"]}]},{\"@type\":\"ImageObject\",\"inLanguage\":\"en-GB\",\"@id\":\"https:\/\/lindenpark.pl\/wydarzenie\/joga-dla-mam-wzmocnij-odpornosc-z-joga-17-09-2022-1100\/#primaryimage\",\"url\":\"https:\/\/lindenpark.pl\/wp-content\/uploads\/2022\/09\/Upcoming-Event.png\",\"contentUrl\":\"https:\/\/lindenpark.pl\/wp-content\/uploads\/2022\/09\/Upcoming-Event.png\",\"width\":1080,\"height\":1080},{\"@type\":\"BreadcrumbList\",\"@id\":\"https:\/\/lindenpark.pl\/wydarzenie\/joga-dla-mam-wzmocnij-odpornosc-z-joga-17-09-2022-1100\/#breadcrumb\",\"itemListElement\":[{\"@type\":\"ListItem\",\"position\":1,\"name\":\"Strona g\u0142\u00f3wna\",\"item\":\"https:\/\/lindenpark.pl\/\"},{\"@type\":\"ListItem\",\"position\":2,\"name\":\"Wydarzenia\",\"item\":\"https:\/\/lindenpark.pl\/wydarzenia\/\"},{\"@type\":\"ListItem\",\"position\":3,\"name\":\"Joga dla mam &#8211; &#8222;Wzmocnij odporno\u015b\u0107 z jog\u0105&#8221; 17.09.2022, 11:00\"}]},{\"@type\":\"WebSite\",\"@id\":\"https:\/\/lindenpark.pl\/#website\",\"url\":\"https:\/\/lindenpark.pl\/\",\"name\":\"Lindenpark - centrum kreatywnej zabawy\",\"description\":\"\",\"publisher\":{\"@id\":\"https:\/\/lindenpark.pl\/#organization\"},\"potentialAction\":[{\"@type\":\"SearchAction\",\"target\":{\"@type\":\"EntryPoint\",\"urlTemplate\":\"https:\/\/lindenpark.pl\/?s={search_term_string}\"},\"query-input\":{\"@type\":\"PropertyValueSpecification\",\"valueRequired\":true,\"valueName\":\"search_term_string\"}}],\"inLanguage\":\"en-GB\"},{\"@type\":\"Organization\",\"@id\":\"https:\/\/lindenpark.pl\/#organization\",\"name\":\"Lindenpark - centrum kreatywnej zabawy\",\"url\":\"https:\/\/lindenpark.pl\/\",\"logo\":{\"@type\":\"ImageObject\",\"inLanguage\":\"en-GB\",\"@id\":\"https:\/\/lindenpark.pl\/#\/schema\/logo\/image\/\",\"url\":\"https:\/\/lindenpark.pl\/wp-content\/uploads\/2022\/04\/lindenpark-logomobile.png\",\"contentUrl\":\"https:\/\/lindenpark.pl\/wp-content\/uploads\/2022\/04\/lindenpark-logomobile.png\",\"width\":150,\"height\":85,\"caption\":\"Lindenpark - centrum kreatywnej zabawy\"},\"image\":{\"@id\":\"https:\/\/lindenpark.pl\/#\/schema\/logo\/image\/\"},\"sameAs\":[\"https:\/\/www.facebook.com\/lindenpark.centrum\",\"https:\/\/x.com\/KlockiLinden\"]}]}<\/script>\n<!-- \/ Yoast SEO plugin. -->","yoast_head_json":{"title":"Joga dla mam - \"Wzmocnij odporno\u015b\u0107 z jog\u0105\" 17.09.2022, 11:00 - Lindenpark","robots":{"index":"index","follow":"follow","max-snippet":"max-snippet:-1","max-image-preview":"max-image-preview:large","max-video-preview":"max-video-preview:-1"},"canonical":"https:\/\/lindenpark.pl\/en\/wydarzenie\/joga-dla-mam-wzmocnij-odpornosc-z-joga-17-09-2022-1100\/","og_locale":"en_GB","og_type":"article","og_title":"Joga dla mam - \"Wzmocnij odporno\u015b\u0107 z jog\u0105\" 17.09.2022, 11:00 - Lindenpark","og_description":"Wrzesie\u0144 to czas powrotu do szko\u0142y, pierwszych przezi\u0119bie\u0144 i zachorowa\u0144. Dla rodzic\u00f3w jest to bardzo trudny i wymagaj\u0105cy moment. Poza miodem, imbirem i czosnkiem mo\u017cna r\u00f3wnie\u017c budowa\u0107 odporno\u015b\u0107 za pomoc\u0105 [&hellip;]","og_url":"https:\/\/lindenpark.pl\/en\/wydarzenie\/joga-dla-mam-wzmocnij-odpornosc-z-joga-17-09-2022-1100\/","og_site_name":"Lindenpark","article_publisher":"https:\/\/www.facebook.com\/lindenpark.centrum","article_modified_time":"2022-09-09T13:26:53+00:00","og_image":[{"width":1080,"height":1080,"url":"https:\/\/lindenpark.pl\/wp-content\/uploads\/2022\/09\/Upcoming-Event.png","type":"image\/png"}],"twitter_card":"summary_large_image","twitter_site":"@KlockiLinden","twitter_misc":{"Estimated reading time":"4 minutes"},"schema":{"@context":"https:\/\/schema.org","@graph":[{"@type":"WebPage","@id":"https:\/\/lindenpark.pl\/wydarzenie\/joga-dla-mam-wzmocnij-odpornosc-z-joga-17-09-2022-1100\/","url":"https:\/\/lindenpark.pl\/wydarzenie\/joga-dla-mam-wzmocnij-odpornosc-z-joga-17-09-2022-1100\/","name":"Joga dla mam - \"Wzmocnij odporno\u015b\u0107 z jog\u0105\" 17.09.2022, 11:00 - Lindenpark","isPartOf":{"@id":"https:\/\/lindenpark.pl\/#website"},"primaryImageOfPage":{"@id":"https:\/\/lindenpark.pl\/wydarzenie\/joga-dla-mam-wzmocnij-odpornosc-z-joga-17-09-2022-1100\/#primaryimage"},"image":{"@id":"https:\/\/lindenpark.pl\/wydarzenie\/joga-dla-mam-wzmocnij-odpornosc-z-joga-17-09-2022-1100\/#primaryimage"},"thumbnailUrl":"https:\/\/lindenpark.pl\/wp-content\/uploads\/2022\/09\/Upcoming-Event.png","datePublished":"2022-09-09T13:25:44+00:00","dateModified":"2022-09-09T13:26:53+00:00","breadcrumb":{"@id":"https:\/\/lindenpark.pl\/wydarzenie\/joga-dla-mam-wzmocnij-odpornosc-z-joga-17-09-2022-1100\/#breadcrumb"},"inLanguage":"en-GB","potentialAction":[{"@type":"ReadAction","target":["https:\/\/lindenpark.pl\/wydarzenie\/joga-dla-mam-wzmocnij-odpornosc-z-joga-17-09-2022-1100\/"]}]},{"@type":"ImageObject","inLanguage":"en-GB","@id":"https:\/\/lindenpark.pl\/wydarzenie\/joga-dla-mam-wzmocnij-odpornosc-z-joga-17-09-2022-1100\/#primaryimage","url":"https:\/\/lindenpark.pl\/wp-content\/uploads\/2022\/09\/Upcoming-Event.png","contentUrl":"https:\/\/lindenpark.pl\/wp-content\/uploads\/2022\/09\/Upcoming-Event.png","width":1080,"height":1080},{"@type":"BreadcrumbList","@id":"https:\/\/lindenpark.pl\/wydarzenie\/joga-dla-mam-wzmocnij-odpornosc-z-joga-17-09-2022-1100\/#breadcrumb","itemListElement":[{"@type":"ListItem","position":1,"name":"Strona g\u0142\u00f3wna","item":"https:\/\/lindenpark.pl\/"},{"@type":"ListItem","position":2,"name":"Wydarzenia","item":"https:\/\/lindenpark.pl\/wydarzenia\/"},{"@type":"ListItem","position":3,"name":"Joga dla mam &#8211; &#8222;Wzmocnij odporno\u015b\u0107 z jog\u0105&#8221; 17.09.2022, 11:00"}]},{"@type":"WebSite","@id":"https:\/\/lindenpark.pl\/#website","url":"https:\/\/lindenpark.pl\/","name":"Lindenpark - centrum kreatywnej zabawy","description":"","publisher":{"@id":"https:\/\/lindenpark.pl\/#organization"},"potentialAction":[{"@type":"SearchAction","target":{"@type":"EntryPoint","urlTemplate":"https:\/\/lindenpark.pl\/?s={search_term_string}"},"query-input":{"@type":"PropertyValueSpecification","valueRequired":true,"valueName":"search_term_string"}}],"inLanguage":"en-GB"},{"@type":"Organization","@id":"https:\/\/lindenpark.pl\/#organization","name":"Lindenpark - centrum kreatywnej zabawy","url":"https:\/\/lindenpark.pl\/","logo":{"@type":"ImageObject","inLanguage":"en-GB","@id":"https:\/\/lindenpark.pl\/#\/schema\/logo\/image\/","url":"https:\/\/lindenpark.pl\/wp-content\/uploads\/2022\/04\/lindenpark-logomobile.png","contentUrl":"https:\/\/lindenpark.pl\/wp-content\/uploads\/2022\/04\/lindenpark-logomobile.png","width":150,"height":85,"caption":"Lindenpark - centrum kreatywnej zabawy"},"image":{"@id":"https:\/\/lindenpark.pl\/#\/schema\/logo\/image\/"},"sameAs":["https:\/\/www.facebook.com\/lindenpark.centrum","https:\/\/x.com\/KlockiLinden"]}]}},"ticketed":false,"_links":{"self":[{"href":"https:\/\/lindenpark.pl\/en\/wp-json\/wp\/v2\/tribe_events\/10872","targetHints":{"allow":["GET"]}}],"collection":[{"href":"https:\/\/lindenpark.pl\/en\/wp-json\/wp\/v2\/tribe_events"}],"about":[{"href":"https:\/\/lindenpark.pl\/en\/wp-json\/wp\/v2\/types\/tribe_events"}],"author":[{"embeddable":true,"href":"https:\/\/lindenpark.pl\/en\/wp-json\/wp\/v2\/users\/5"}],"version-history":[{"count":0,"href":"https:\/\/lindenpark.pl\/en\/wp-json\/wp\/v2\/tribe_events\/10872\/revisions"}],"wp:featuredmedia":[{"embeddable":true,"href":"https:\/\/lindenpark.pl\/en\/wp-json\/wp\/v2\/media\/10871"}],"wp:attachment":[{"href":"https:\/\/lindenpark.pl\/en\/wp-json\/wp\/v2\/media?parent=10872"}],"wp:term":[{"taxonomy":"post_tag","embeddable":true,"href":"https:\/\/lindenpark.pl\/en\/wp-json\/wp\/v2\/tags?post=10872"},{"taxonomy":"tribe_events_cat","embeddable":true,"href":"https:\/\/lindenpark.pl\/en\/wp-json\/wp\/v2\/tribe_events_cat?post=10872"}],"curies":[{"name":"wp","href":"https:\/\/api.w.org\/{rel}","templated":true}]}}