{"id":10734,"date":"2022-08-04T12:33:47","date_gmt":"2022-08-04T12:33:47","guid":{"rendered":"https:\/\/lindenpark.pl\/?post_type=tribe_events&#038;p=10734"},"modified":"2022-09-02T16:32:30","modified_gmt":"2022-09-02T16:32:30","slug":"sensomuzyka-zajecia-dla-rodzicow-i-najmlodszych-dzieci-w-wieku-2-4-latka","status":"publish","type":"tribe_events","link":"https:\/\/lindenpark.pl\/en\/wydarzenie\/sensomuzyka-zajecia-dla-rodzicow-i-najmlodszych-dzieci-w-wieku-2-4-latka\/","title":{"rendered":"&#8222;SENSOMUZYKA&#8221; &#8211; zaj\u0119cia dla rodzic\u00f3w i najm\u0142odszych dzieci w wieku 2-4 latka"},"content":{"rendered":"<div dir=\"auto\">Zapraszamy na warsztaty muzyczne dla najm\u0142odszych w Lindenpark. W warsztatach s\u0105 wykorzystywane miedzy innymi metody Gordona. Warsztaty prowadzi muzykoterapeutka, multiinstrumentalistka, nauczycielka Sofia Lebedeva.<\/div>\n<div dir=\"auto\">Minimalna ilo\u015b\u0107 uczestnik\u00f3w: 5 os\u00f3b, max 20 os\u00f3b.<\/div>\n<div dir=\"auto\">Na warsztaty obowi\u0105zuje wcze\u015bniejszy zakup biletu. <span style=\"color: #0000ff;\"><a style=\"color: #0000ff;\" href=\"https:\/\/lindenpark.pl\/en\/product\/sensomuzyka-zajecia-dla-dzieci-najmlodszych-2-4lata-13-08-2020-godz-1000\/?preview=true\">Bilety<\/a>.<\/span><\/div>\n<div dir=\"auto\">Pierwsze warsztaty odbywaj\u0105 si\u0119 13 sierpnia. kolejne po 2 tygodniach.<\/div>\n<div dir=\"auto\"><\/div>\n<div dir=\"auto\">Opis warsztat\u00f3w<\/div>\n<div dir=\"auto\"><\/div>\n<div dir=\"auto\">Sensoryczno-muzyczne zaj\u0119cia dla dzieci w wieku 2-4 lata z rodzicami.<\/div>\n<div dir=\"auto\"><span style=\"color: #212121; font-family: roboto, arial, helvetica, sans-serif;\">Zaj\u0119cia maj\u0105 na celu umuzykalnienie dzieci, ich rozw\u00f3j emocjonalny, uwra\u017cliwienie muzyczne i integracj\u0119. Zaj\u0119cia polegaj\u0105 na kszta\u0142towaniu muzycznego j\u0119zyka i s\u0142uchu dziecka przez \u015bpiewanie, u\u017cycie r\u00f3\u017cnych skali muzycznych oraz delikatnych bod\u017ac\u00f3w sensorycznych. M\u00f3zg dziecka jest niezwykle plastyczny, dlatego ka\u017cde, nawet najmniejsze wydarzenie kszta\u0142tuje przysz\u0142y charakter, umiej\u0119tno\u015bci i zdolno\u015bci dziecka. Muzyka jest wyj\u0105tkowym pozawerbalnym narz\u0119dziem, kt\u00f3ra aktywizuje jednocze\u015bnie obie p\u00f3\u0142kule m\u00f3zgu, \u0142\u0105czy neuroprzeka\u017aniki, wp\u0142ywa na humor, rozwija lingwistyczne przedyspozycje dziecka i wiele wi\u0119cej.\u00a0 \u015awiadome i umiej\u0119tne u\u017cycie muzyki pozytywnie wp\u0142ywa nie tylko na og\u00f3lny rozw\u00f3j dziecka, ale te\u017c na jego spo\u0142eczne umiej\u0119tno\u015bci.\u00a0<\/span><\/div>\n<div dir=\"auto\"><span style=\"color: #212121; font-family: roboto, arial, helvetica, sans-serif;\">Zaj\u0119cia s\u0105 prowadzone w naturalnej cz\u0119stotliwo\u015bci 432 Hz, \u0142\u0105cz\u0105 \u015bpiew, instrumenty, ruch i s\u0105 wzbogacone o sensoryczne elementy.<\/span><\/div>\n<div dir=\"auto\"><span style=\"color: #212121; font-family: roboto, arial, helvetica, sans-serif;\"> <img fetchpriority=\"high\" decoding=\"async\" class=\"alignnone size-medium wp-image-10859\" src=\"https:\/\/lindenpark.pl\/wp-content\/uploads\/2022\/08\/Screenshot_20220719-131015_Telegram-1-227x300.jpg\" alt=\"\" width=\"227\" height=\"300\" srcset=\"https:\/\/lindenpark.pl\/wp-content\/uploads\/2022\/08\/Screenshot_20220719-131015_Telegram-1-227x300.jpg 227w, https:\/\/lindenpark.pl\/wp-content\/uploads\/2022\/08\/Screenshot_20220719-131015_Telegram-1-774x1024.jpg 774w, https:\/\/lindenpark.pl\/wp-content\/uploads\/2022\/08\/Screenshot_20220719-131015_Telegram-1-768x1015.jpg 768w, https:\/\/lindenpark.pl\/wp-content\/uploads\/2022\/08\/Screenshot_20220719-131015_Telegram-1-600x793.jpg 600w, https:\/\/lindenpark.pl\/wp-content\/uploads\/2022\/08\/Screenshot_20220719-131015_Telegram-1.jpg 1080w\" sizes=\"(max-width: 227px) 100vw, 227px\" \/><\/span><img decoding=\"async\" class=\"alignnone size-medium wp-image-10735\" src=\"https:\/\/lindenpark.pl\/wp-content\/uploads\/2022\/08\/20220727_110631-181x300.jpg\" alt=\"\" width=\"181\" height=\"300\" srcset=\"https:\/\/lindenpark.pl\/wp-content\/uploads\/2022\/08\/20220727_110631-181x300.jpg 181w, https:\/\/lindenpark.pl\/wp-content\/uploads\/2022\/08\/20220727_110631-617x1024.jpg 617w, https:\/\/lindenpark.pl\/wp-content\/uploads\/2022\/08\/20220727_110631-768x1275.jpg 768w, https:\/\/lindenpark.pl\/wp-content\/uploads\/2022\/08\/20220727_110631-925x1536.jpg 925w, https:\/\/lindenpark.pl\/wp-content\/uploads\/2022\/08\/20220727_110631-1233x2048.jpg 1233w, https:\/\/lindenpark.pl\/wp-content\/uploads\/2022\/08\/20220727_110631-1320x2192.jpg 1320w, https:\/\/lindenpark.pl\/wp-content\/uploads\/2022\/08\/20220727_110631-600x996.jpg 600w, https:\/\/lindenpark.pl\/wp-content\/uploads\/2022\/08\/20220727_110631-scaled.jpg 1542w\" sizes=\"(max-width: 181px) 100vw, 181px\" \/><\/div>\n<div dir=\"auto\"><img decoding=\"async\" class=\"alignnone size-medium wp-image-10737\" src=\"https:\/\/lindenpark.pl\/wp-content\/uploads\/2022\/08\/IMG_20211229_093418_979-300x198.jpg\" alt=\"\" width=\"300\" height=\"198\" srcset=\"https:\/\/lindenpark.pl\/wp-content\/uploads\/2022\/08\/IMG_20211229_093418_979-300x198.jpg 300w, https:\/\/lindenpark.pl\/wp-content\/uploads\/2022\/08\/IMG_20211229_093418_979-1024x674.jpg 1024w, https:\/\/lindenpark.pl\/wp-content\/uploads\/2022\/08\/IMG_20211229_093418_979-768x506.jpg 768w, https:\/\/lindenpark.pl\/wp-content\/uploads\/2022\/08\/IMG_20211229_093418_979-600x395.jpg 600w, https:\/\/lindenpark.pl\/wp-content\/uploads\/2022\/08\/IMG_20211229_093418_979.jpg 1080w\" sizes=\"(max-width: 300px) 100vw, 300px\" \/><\/div>\n<div dir=\"auto\">Sofia Lebedewa<\/div>\n<div dir=\"auto\"><\/div>\n<div dir=\"auto\">\n<p>Biogram:<\/p>\n<div dir=\"auto\">Sofia Lebedeva &#8211; Muzykoterapeutka, multiinstrumentalistka (pianino, wiolonczela,\u00a0 gitara, ukulele), nauczyciel z przygotowaniem pedagogicznym.\u00a0 Posiada wieloletnie do\u015bwiadczenie w prowadzeniu zaj\u0119\u0107 z gry na pianinie, wiolonczeli, gitarze i ukulele, zaj\u0119\u0107 z rytmiki. Jej pasj\u0105 jest muzykoterapia aktywna i receptywna, zar\u00f3wno w celach rehabilitacyjnych,\u00a0 jak i rekreacyjnych. Wykorzystuje w pracy metod\u0119 Gordona, MRM, techniki relaksacyjne i inkluzywne. Pracowa\u0142a jako terapeuta-muzykoterapeuta os\u00f3b z niepe\u0142nosprawno\u015bciami umys\u0142owymi i fizycznymi, w tym os\u00f3b po udarze, dzieci z syndromem Downa, osobami z zaburzeniami z spektrum autystycznego.<\/div>\n<\/div>\n<div dir=\"auto\"><\/div>\n<div dir=\"auto\"><\/div>\n<div dir=\"auto\">***<\/div>\n<div dir=\"auto\">\u00a0<span style=\"color: #212121; font-family: roboto, arial, helvetica, sans-serif;\"><a href=\"https:\/\/youtu.be\/VwzSvpco1HQ\">https:\/\/youtu.be\/VwzSvpco1HQ<\/a><\/span><\/div>\n<div dir=\"auto\"><\/div>\n<div dir=\"auto\"><\/div>\n<div dir=\"auto\">\n<pre dir=\"ltr\">\u0411\u0456\u043e\u0433\u0440\u0430\u0444\u0456\u044f:\r\n\r\n\u0421\u043e\u0444\u0456\u044f \u041b\u0454\u0431\u0454\u0434\u0454\u0432\u0430 - \u041c\u0443\u0437\u0438\u043a\u043e\u0442\u0435\u0440\u0430\u043f\u0435\u0432\u0442, \u043c\u0443\u043b\u044c\u0442\u0438\u0456\u043d\u0441\u0442\u0440\u0443\u043c\u0435\u043d\u0442\u0430\u043b\u0456\u0441\u0442 (\u0444\u043e\u0440\u0442\u0435\u043f\u0456\u0430\u043d\u043e, \u0432\u0456\u043e\u043b\u043e\u043d\u0447\u0435\u043b\u044c, \u0433\u0456\u0442\u0430\u0440\u0430, \u0443\u043a\u0443\u043b\u0435\u043b\u0435), \u0432\u0438\u043a\u043b\u0430\u0434\u0430\u0447 \u0437 \u043f\u0435\u0434\u0430\u0433\u043e\u0433\u0456\u0447\u043d\u043e\u044e \u043f\u0456\u0434\u0433\u043e\u0442\u043e\u0432\u043a\u043e\u044e. \u041c\u0430\u0454 \u0431\u0430\u0433\u0430\u0442\u043e\u0440\u0456\u0447\u043d\u0438\u0439 \u0434\u043e\u0441\u0432\u0456\u0434 \u043f\u0440\u043e\u0432\u0435\u0434\u0435\u043d\u043d\u044f \u0443\u0440\u043e\u043a\u0456\u0432 \u0444\u043e\u0440\u0442\u0435\u043f\u0456\u0430\u043d\u043e, \u0432\u0456\u043e\u043b\u043e\u043d\u0447\u0435\u043b\u0456, \u0433\u0456\u0442\u0430\u0440\u0438 \u0442\u0430 \u0443\u043a\u0443\u043b\u0435\u043b\u0435, \u0430 \u0442\u0430\u043a\u043e\u0436 \u0437\u0430\u043d\u044f\u0442\u044c \u0437 \u0440\u0438\u0442\u043c\u0456\u043a\u0438. \u0407\u0457 \u043f\u0430\u0441\u0456\u044f \u2014 \u0430\u043a\u0442\u0438\u0432\u043d\u0430 \u0442\u0430 \u0440\u0435\u0446\u0435\u043f\u0438\u0432\u043d\u0430 \u043c\u0443\u0437\u0438\u043a\u043e\u0442\u0435\u0440\u0430\u043f\u0456\u044f, \u044f\u043a \u0432 \u0440\u0435\u0430\u0431\u0456\u043b\u0456\u0442\u0430\u0446\u0456\u0439\u043d\u0438\u0445, \u0442\u0430\u043a \u0456 \u0440\u0435\u043a\u0440\u0435\u0430\u0446\u0456\u0439\u043d\u0438\u0445 \u0446\u0456\u043b\u044f\u0445. \u0412\u0438\u043a\u043e\u0440\u0438\u0441\u0442\u043e\u0432\u0443\u0454 \u043c\u0435\u0442\u043e\u0434 \u0413\u043e\u0440\u0434\u043e\u043d\u0430, MRM, \u0440\u0435\u043b\u0430\u043a\u0441\u0430\u0446\u0456\u0439\u043d\u0456 \u0442\u0430 \u0456\u043d\u043a\u043b\u044e\u0437\u0438\u0432\u043d\u0456 \u0442\u0435\u0445\u043d\u0456\u043a\u0438. \u041f\u0440\u0430\u0446\u044e\u0432\u0430\u043b\u0430 \u043c\u0443\u0437\u0438\u0447\u043d\u0438\u043c \u0442\u0435\u0440\u0430\u043f\u0435\u0432\u0442\u043e\u043c \u0432 \u043e\u0441\u0435\u0440\u0435\u0434\u043a\u0443 \u0434\u043b\u044f \u043b\u044e\u0434\u0435\u0439 \u0437 \u0440\u043e\u0437\u0443\u043c\u043e\u0432\u0438\u043c\u0438 \u0442\u0430 \u0444\u0456\u0437\u0438\u0447\u043d\u0438\u043c\u0438 \u0432\u0430\u0434\u0430\u043c\u0438, \u0432\u043a\u043b\u044e\u0447\u0430\u044e\u0447\u0438 \u0442\u0438\u0445, \u0445\u0442\u043e \u043f\u0435\u0440\u0435\u043d\u0456\u0441 \u0456\u043d\u0441\u0443\u043b\u044c\u0442, \u0434\u0456\u0442\u0435\u0439 \u0456\u0437 \u0441\u0438\u043d\u0434\u0440\u043e\u043c\u043e\u043c \u0414\u0430\u0443\u043d\u0430 \u0442\u0430 \u043b\u044e\u0434\u0435\u0439 \u0437 \u0440\u043e\u0437\u043b\u0430\u0434\u0430\u043c\u0438 \u0430\u0443\u0442\u0438\u0441\u0442\u0438\u0447\u043d\u043e\u0433\u043e \u0441\u043f\u0435\u043a\u0442\u0440\u0443.<\/pre>\n<pre dir=\"ltr\"><\/pre>\n<pre dir=\"ltr\">***<\/pre>\n<pre dir=\"ltr\">\u041e\u043f\u0438\u0441 \u0437\u0430\u043d\u044f\u0442\u044c.\r\n\r\n\r\n\u0421\u0435\u043d\u0441\u043e\u0440\u043d\u043e-\u043c\u0443\u0437\u0438\u0447\u043d\u0456 \u0437\u0430\u043d\u044f\u0442\u0442\u044f \u0434\u043b\u044f \u0434\u0456\u0442\u0435\u0439 2-4 \u0440\u043e\u043a\u0456\u0432 \u0437 \u0431\u0430\u0442\u044c\u043a\u0430\u043c\u0438.\r\n\r\n\u0417\u0430\u043d\u044f\u0442\u0442\u044f \u0441\u043f\u0440\u044f\u043c\u043e\u0432\u0430\u043d\u0456 \u043d\u0430 \u043c\u0443\u0437\u0438\u0447\u043d\u0435 \u0444\u043e\u0440\u043c\u0443\u0432\u0430\u043d\u043d\u044f \u0434\u0456\u0442\u0435\u0439, \u0457\u0445 \u0435\u043c\u043e\u0446\u0456\u0439\u043d\u0438\u0439 \u0440\u043e\u0437\u0432\u0438\u0442\u043e\u043a, \u043c\u0443\u0437\u0438\u0447\u043d\u0443 \u0441\u0435\u043d\u0441\u0438\u0431\u0456\u043b\u0456\u0437\u0430\u0446\u0456\u044e \u0442\u0430 \u0456\u043d\u0442\u0435\u0433\u0440\u0430\u0446\u0456\u044e. \u0417\u0430\u043d\u044f\u0442\u0442\u044f \u043f\u043e\u043b\u044f\u0433\u0430\u044e\u0442\u044c \u0443 \u0444\u043e\u0440\u043c\u0443\u0432\u0430\u043d\u043d\u0456 \u043c\u0443\u0437\u0438\u0447\u043d\u043e\u0457 \u043c\u043e\u0432\u0438 \u0442\u0430 \u0441\u043b\u0443\u0445\u0443 \u0434\u0438\u0442\u0438\u043d\u0438 \u0448\u043b\u044f\u0445\u043e\u043c \u0441\u043f\u0456\u0432\u0443 \u0437 \u0432\u0438\u043a\u043e\u0440\u0438\u0441\u0442\u0430\u043d\u043d\u044f\u043c \u0440\u0456\u0437\u043d\u043e\u043c\u0430\u043d\u0456\u0442\u043d\u0438\u0445 \u043c\u0443\u0437\u0438\u0447\u043d\u0438\u0445 \u0433\u0430\u043c \u0456 \u0442\u043e\u043d\u043a\u0438\u0445 \u0441\u0435\u043d\u0441\u043e\u0440\u043d\u0438\u0445 \u043f\u043e\u0434\u0440\u0430\u0437\u043d\u0438\u043a\u0456\u0432. \u0414\u0438\u0442\u044f\u0447\u0438\u0439 \u043c\u043e\u0437\u043e\u043a \u043d\u0430\u0434\u0437\u0432\u0438\u0447\u0430\u0439\u043d\u043e \u043f\u043b\u0430\u0441\u0442\u0438\u0447\u043d\u0438\u0439, \u0442\u043e\u043c\u0443 \u043a\u043e\u0436\u043d\u0430, \u043d\u0430\u0432\u0456\u0442\u044c \u043d\u0430\u0439\u043c\u0435\u043d\u0448\u0430 \u043f\u043e\u0434\u0456\u044f \u0444\u043e\u0440\u043c\u0443\u0454 \u043c\u0430\u0439\u0431\u0443\u0442\u043d\u0456\u0439 \u0445\u0430\u0440\u0430\u043a\u0442\u0435\u0440, \u0443\u043c\u0456\u043d\u043d\u044f \u0442\u0430 \u043d\u0430\u0432\u0438\u0447\u043a\u0438 \u0434\u0438\u0442\u0438\u043d\u0438. \u041c\u0443\u0437\u0438\u043a\u0430 \u2013 \u0443\u043d\u0456\u043a\u0430\u043b\u044c\u043d\u0438\u0439 \u043d\u0435\u0432\u0435\u0440\u0431\u0430\u043b\u044c\u043d\u0438\u0439 \u0456\u043d\u0441\u0442\u0440\u0443\u043c\u0435\u043d\u0442, \u044f\u043a\u0438\u0439 \u043e\u0434\u043d\u043e\u0447\u0430\u0441\u043d\u043e \u0430\u043a\u0442\u0438\u0432\u0456\u0437\u0443\u0454 \u043e\u0431\u0438\u0434\u0432\u0456 \u043f\u0456\u0432\u043a\u0443\u043b\u0456 \u043c\u043e\u0437\u043a\u0443, \u043e\u0431'\u0454\u0434\u043d\u0443\u0454 \u043d\u0435\u0439\u0440\u043e\u043c\u0435\u0434\u0456\u0430\u0442\u043e\u0440\u0438, \u0432\u043f\u043b\u0438\u0432\u0430\u0454 \u043d\u0430 \u043d\u0430\u0441\u0442\u0440\u0456\u0439, \u0440\u043e\u0437\u0432\u0438\u0432\u0430\u0454 \u043c\u043e\u0432\u043d\u0456 \u0437\u0434\u0456\u0431\u043d\u043e\u0441\u0442\u0456 \u0434\u0438\u0442\u0438\u043d\u0438 \u0442\u0430 \u0431\u0430\u0433\u0430\u0442\u043e \u0456\u043d\u0448\u043e\u0433\u043e. \u0421\u0432\u0456\u0434\u043e\u043c\u043b\u0435\u043d\u0435 \u0442\u0430 \u0432\u043c\u0456\u043b\u0435 \u043a\u043e\u0440\u0438\u0441\u0442\u0443\u0432\u0430\u043d\u043d\u044f \u043c\u0443\u0437\u0438\u043a\u043e\u044e \u043f\u043e\u0437\u0438\u0442\u0438\u0432\u043d\u043e \u0432\u043f\u043b\u0438\u0432\u0430\u0454 \u043d\u0435 \u043b\u0438\u0448\u0435 \u043d\u0430 \u0437\u0430\u0433\u0430\u043b\u044c\u043d\u0438\u0439 \u0440\u043e\u0437\u0432\u0438\u0442\u043e\u043a \u0434\u0438\u0442\u0438\u043d\u0438, \u0430 \u0439 \u043d\u0430 \u0457\u0457 \u0441\u043e\u0446\u0456\u0430\u043b\u044c\u043d\u0456 \u043d\u0430\u0432\u0438\u0447\u043a\u0438.\r\n\r\n\u0417\u0430\u043d\u044f\u0442\u0442\u044f \u043f\u0440\u043e\u0432\u043e\u0434\u044f\u0442\u044c\u0441\u044f \u0432 \u0447\u0430\u0441\u0442\u043e\u0442\u0456 432 \u0413\u0446, \u043f\u043e\u0454\u0434\u043d\u0443\u044e\u0442\u044c \u0441\u043f\u0456\u0432, \u0456\u043d\u0441\u0442\u0440\u0443\u043c\u0435\u043d\u0442\u0438, \u0440\u0443\u0445 \u0456 \u0437\u0431\u0430\u0433\u0430\u0447\u0443\u044e\u0442\u044c\u0441\u044f \u0441\u0435\u043d\u0441\u043e\u0440\u043d\u0438\u043c\u0438 \u0435\u043b\u0435\u043c\u0435\u043d\u0442\u0430\u043c\u0438.<\/pre>\n<pre dir=\"ltr\">***<\/pre>\n<pre dir=\"ltr\"><\/pre>\n<\/div>\n<div dir=\"auto\"><\/div>\n<div dir=\"auto\"><\/div>","protected":false},"excerpt":{"rendered":"<p>Zapraszamy na warsztaty muzyczne dla najm\u0142odszych w Lindenpark. W warsztatach s\u0105 wykorzystywane miedzy innymi metody Gordona. Warsztaty prowadzi muzykoterapeutka, multiinstrumentalistka, nauczycielka Sofia Lebedeva. Minimalna ilo\u015b\u0107 uczestnik\u00f3w: 5 os\u00f3b, max 20 [&hellip;]<\/p>","protected":false},"author":5,"featured_media":10737,"template":"","meta":{"_price":"","_stock":"","_tribe_ticket_header":"","_tribe_default_ticket_provider":"","_tribe_ticket_capacity":"0","_ticket_start_date":"","_ticket_end_date":"","_tribe_ticket_show_description":"","_tribe_ticket_show_not_going":false,"_tribe_ticket_use_global_stock":"","_tribe_ticket_global_stock_level":"","_global_stock_mode":"","_global_stock_cap":"","_tribe_rsvp_for_event":"","_tribe_ticket_going_count":"","_tribe_ticket_not_going_count":"","_tribe_tickets_list":"[]","_tribe_ticket_has_attendee_info_fields":false,"_tribe_events_status":"","_tribe_events_status_reason":"","footnotes":"","_tec_slr_enabled":"","_tec_slr_layout":""},"tags":[],"tribe_events_cat":[74,73,87],"class_list":["post-10734","tribe_events","type-tribe_events","status-publish","has-post-thumbnail","hentry","tribe_events_cat-dla-doroslych","tribe_events_cat-dla-dzieci","tribe_events_cat-waszrtaty-muzyczne","cat_dla-doroslych","cat_dla-dzieci","cat_waszrtaty-muzyczne"],"yoast_head":"<!-- This site is optimized with the Yoast SEO plugin v26.0 - https:\/\/yoast.com\/wordpress\/plugins\/seo\/ -->\n<title>&quot;SENSOMUZYKA&quot; - zaj\u0119cia dla rodzic\u00f3w i najm\u0142odszych dzieci w wieku 2-4 latka - Lindenpark<\/title>\n<meta name=\"robots\" content=\"index, follow, max-snippet:-1, max-image-preview:large, max-video-preview:-1\" \/>\n<link rel=\"canonical\" href=\"https:\/\/lindenpark.pl\/en\/wydarzenie\/sensomuzyka-zajecia-dla-rodzicow-i-najmlodszych-dzieci-w-wieku-2-4-latka\/\" \/>\n<meta property=\"og:locale\" content=\"en_GB\" \/>\n<meta property=\"og:type\" content=\"article\" \/>\n<meta property=\"og:title\" content=\"&quot;SENSOMUZYKA&quot; - zaj\u0119cia dla rodzic\u00f3w i najm\u0142odszych dzieci w wieku 2-4 latka - Lindenpark\" \/>\n<meta property=\"og:description\" content=\"Zapraszamy na warsztaty muzyczne dla najm\u0142odszych w Lindenpark. W warsztatach s\u0105 wykorzystywane miedzy innymi metody Gordona. Warsztaty prowadzi muzykoterapeutka, multiinstrumentalistka, nauczycielka Sofia Lebedeva. Minimalna ilo\u015b\u0107 uczestnik\u00f3w: 5 os\u00f3b, max 20 [&hellip;]\" \/>\n<meta property=\"og:url\" content=\"https:\/\/lindenpark.pl\/en\/wydarzenie\/sensomuzyka-zajecia-dla-rodzicow-i-najmlodszych-dzieci-w-wieku-2-4-latka\/\" \/>\n<meta property=\"og:site_name\" content=\"Lindenpark\" \/>\n<meta property=\"article:publisher\" content=\"https:\/\/www.facebook.com\/lindenpark.centrum\" \/>\n<meta property=\"article:modified_time\" content=\"2022-09-02T16:32:30+00:00\" \/>\n<meta property=\"og:image\" content=\"https:\/\/lindenpark.pl\/wp-content\/uploads\/2022\/08\/IMG_20211229_093418_979.jpg\" \/>\n\t<meta property=\"og:image:width\" content=\"1080\" \/>\n\t<meta property=\"og:image:height\" content=\"711\" \/>\n\t<meta property=\"og:image:type\" content=\"image\/jpeg\" \/>\n<meta name=\"twitter:card\" content=\"summary_large_image\" \/>\n<meta name=\"twitter:site\" content=\"@KlockiLinden\" \/>\n<meta name=\"twitter:label1\" content=\"Estimated reading time\" \/>\n\t<meta name=\"twitter:data1\" content=\"4 minutes\" \/>\n<script type=\"application\/ld+json\" class=\"yoast-schema-graph\">{\"@context\":\"https:\/\/schema.org\",\"@graph\":[{\"@type\":\"WebPage\",\"@id\":\"https:\/\/lindenpark.pl\/wydarzenie\/sensomuzyka-zajecia-dla-rodzicow-i-najmlodszych-dzieci-w-wieku-2-4-latka\/\",\"url\":\"https:\/\/lindenpark.pl\/wydarzenie\/sensomuzyka-zajecia-dla-rodzicow-i-najmlodszych-dzieci-w-wieku-2-4-latka\/\",\"name\":\"\\\"SENSOMUZYKA\\\" - zaj\u0119cia dla rodzic\u00f3w i najm\u0142odszych dzieci w wieku 2-4 latka - Lindenpark\",\"isPartOf\":{\"@id\":\"https:\/\/lindenpark.pl\/#website\"},\"primaryImageOfPage\":{\"@id\":\"https:\/\/lindenpark.pl\/wydarzenie\/sensomuzyka-zajecia-dla-rodzicow-i-najmlodszych-dzieci-w-wieku-2-4-latka\/#primaryimage\"},\"image\":{\"@id\":\"https:\/\/lindenpark.pl\/wydarzenie\/sensomuzyka-zajecia-dla-rodzicow-i-najmlodszych-dzieci-w-wieku-2-4-latka\/#primaryimage\"},\"thumbnailUrl\":\"https:\/\/lindenpark.pl\/wp-content\/uploads\/2022\/08\/IMG_20211229_093418_979.jpg\",\"datePublished\":\"2022-08-04T12:33:47+00:00\",\"dateModified\":\"2022-09-02T16:32:30+00:00\",\"breadcrumb\":{\"@id\":\"https:\/\/lindenpark.pl\/wydarzenie\/sensomuzyka-zajecia-dla-rodzicow-i-najmlodszych-dzieci-w-wieku-2-4-latka\/#breadcrumb\"},\"inLanguage\":\"en-GB\",\"potentialAction\":[{\"@type\":\"ReadAction\",\"target\":[\"https:\/\/lindenpark.pl\/wydarzenie\/sensomuzyka-zajecia-dla-rodzicow-i-najmlodszych-dzieci-w-wieku-2-4-latka\/\"]}]},{\"@type\":\"ImageObject\",\"inLanguage\":\"en-GB\",\"@id\":\"https:\/\/lindenpark.pl\/wydarzenie\/sensomuzyka-zajecia-dla-rodzicow-i-najmlodszych-dzieci-w-wieku-2-4-latka\/#primaryimage\",\"url\":\"https:\/\/lindenpark.pl\/wp-content\/uploads\/2022\/08\/IMG_20211229_093418_979.jpg\",\"contentUrl\":\"https:\/\/lindenpark.pl\/wp-content\/uploads\/2022\/08\/IMG_20211229_093418_979.jpg\",\"width\":1080,\"height\":711},{\"@type\":\"BreadcrumbList\",\"@id\":\"https:\/\/lindenpark.pl\/wydarzenie\/sensomuzyka-zajecia-dla-rodzicow-i-najmlodszych-dzieci-w-wieku-2-4-latka\/#breadcrumb\",\"itemListElement\":[{\"@type\":\"ListItem\",\"position\":1,\"name\":\"Strona g\u0142\u00f3wna\",\"item\":\"https:\/\/lindenpark.pl\/\"},{\"@type\":\"ListItem\",\"position\":2,\"name\":\"Wydarzenia\",\"item\":\"https:\/\/lindenpark.pl\/wydarzenia\/\"},{\"@type\":\"ListItem\",\"position\":3,\"name\":\"&#8222;SENSOMUZYKA&#8221; &#8211; zaj\u0119cia dla rodzic\u00f3w i najm\u0142odszych dzieci w wieku 2-4 latka\"}]},{\"@type\":\"WebSite\",\"@id\":\"https:\/\/lindenpark.pl\/#website\",\"url\":\"https:\/\/lindenpark.pl\/\",\"name\":\"Lindenpark - centrum kreatywnej zabawy\",\"description\":\"\",\"publisher\":{\"@id\":\"https:\/\/lindenpark.pl\/#organization\"},\"potentialAction\":[{\"@type\":\"SearchAction\",\"target\":{\"@type\":\"EntryPoint\",\"urlTemplate\":\"https:\/\/lindenpark.pl\/?s={search_term_string}\"},\"query-input\":{\"@type\":\"PropertyValueSpecification\",\"valueRequired\":true,\"valueName\":\"search_term_string\"}}],\"inLanguage\":\"en-GB\"},{\"@type\":\"Organization\",\"@id\":\"https:\/\/lindenpark.pl\/#organization\",\"name\":\"Lindenpark - centrum kreatywnej zabawy\",\"url\":\"https:\/\/lindenpark.pl\/\",\"logo\":{\"@type\":\"ImageObject\",\"inLanguage\":\"en-GB\",\"@id\":\"https:\/\/lindenpark.pl\/#\/schema\/logo\/image\/\",\"url\":\"https:\/\/lindenpark.pl\/wp-content\/uploads\/2022\/04\/lindenpark-logomobile.png\",\"contentUrl\":\"https:\/\/lindenpark.pl\/wp-content\/uploads\/2022\/04\/lindenpark-logomobile.png\",\"width\":150,\"height\":85,\"caption\":\"Lindenpark - centrum kreatywnej zabawy\"},\"image\":{\"@id\":\"https:\/\/lindenpark.pl\/#\/schema\/logo\/image\/\"},\"sameAs\":[\"https:\/\/www.facebook.com\/lindenpark.centrum\",\"https:\/\/x.com\/KlockiLinden\"]}]}<\/script>\n<!-- \/ Yoast SEO plugin. -->","yoast_head_json":{"title":"\"SENSOMUZYKA\" - zaj\u0119cia dla rodzic\u00f3w i najm\u0142odszych dzieci w wieku 2-4 latka - Lindenpark","robots":{"index":"index","follow":"follow","max-snippet":"max-snippet:-1","max-image-preview":"max-image-preview:large","max-video-preview":"max-video-preview:-1"},"canonical":"https:\/\/lindenpark.pl\/en\/wydarzenie\/sensomuzyka-zajecia-dla-rodzicow-i-najmlodszych-dzieci-w-wieku-2-4-latka\/","og_locale":"en_GB","og_type":"article","og_title":"\"SENSOMUZYKA\" - zaj\u0119cia dla rodzic\u00f3w i najm\u0142odszych dzieci w wieku 2-4 latka - Lindenpark","og_description":"Zapraszamy na warsztaty muzyczne dla najm\u0142odszych w Lindenpark. W warsztatach s\u0105 wykorzystywane miedzy innymi metody Gordona. Warsztaty prowadzi muzykoterapeutka, multiinstrumentalistka, nauczycielka Sofia Lebedeva. Minimalna ilo\u015b\u0107 uczestnik\u00f3w: 5 os\u00f3b, max 20 [&hellip;]","og_url":"https:\/\/lindenpark.pl\/en\/wydarzenie\/sensomuzyka-zajecia-dla-rodzicow-i-najmlodszych-dzieci-w-wieku-2-4-latka\/","og_site_name":"Lindenpark","article_publisher":"https:\/\/www.facebook.com\/lindenpark.centrum","article_modified_time":"2022-09-02T16:32:30+00:00","og_image":[{"width":1080,"height":711,"url":"https:\/\/lindenpark.pl\/wp-content\/uploads\/2022\/08\/IMG_20211229_093418_979.jpg","type":"image\/jpeg"}],"twitter_card":"summary_large_image","twitter_site":"@KlockiLinden","twitter_misc":{"Estimated reading time":"4 minutes"},"schema":{"@context":"https:\/\/schema.org","@graph":[{"@type":"WebPage","@id":"https:\/\/lindenpark.pl\/wydarzenie\/sensomuzyka-zajecia-dla-rodzicow-i-najmlodszych-dzieci-w-wieku-2-4-latka\/","url":"https:\/\/lindenpark.pl\/wydarzenie\/sensomuzyka-zajecia-dla-rodzicow-i-najmlodszych-dzieci-w-wieku-2-4-latka\/","name":"\"SENSOMUZYKA\" - zaj\u0119cia dla rodzic\u00f3w i najm\u0142odszych dzieci w wieku 2-4 latka - Lindenpark","isPartOf":{"@id":"https:\/\/lindenpark.pl\/#website"},"primaryImageOfPage":{"@id":"https:\/\/lindenpark.pl\/wydarzenie\/sensomuzyka-zajecia-dla-rodzicow-i-najmlodszych-dzieci-w-wieku-2-4-latka\/#primaryimage"},"image":{"@id":"https:\/\/lindenpark.pl\/wydarzenie\/sensomuzyka-zajecia-dla-rodzicow-i-najmlodszych-dzieci-w-wieku-2-4-latka\/#primaryimage"},"thumbnailUrl":"https:\/\/lindenpark.pl\/wp-content\/uploads\/2022\/08\/IMG_20211229_093418_979.jpg","datePublished":"2022-08-04T12:33:47+00:00","dateModified":"2022-09-02T16:32:30+00:00","breadcrumb":{"@id":"https:\/\/lindenpark.pl\/wydarzenie\/sensomuzyka-zajecia-dla-rodzicow-i-najmlodszych-dzieci-w-wieku-2-4-latka\/#breadcrumb"},"inLanguage":"en-GB","potentialAction":[{"@type":"ReadAction","target":["https:\/\/lindenpark.pl\/wydarzenie\/sensomuzyka-zajecia-dla-rodzicow-i-najmlodszych-dzieci-w-wieku-2-4-latka\/"]}]},{"@type":"ImageObject","inLanguage":"en-GB","@id":"https:\/\/lindenpark.pl\/wydarzenie\/sensomuzyka-zajecia-dla-rodzicow-i-najmlodszych-dzieci-w-wieku-2-4-latka\/#primaryimage","url":"https:\/\/lindenpark.pl\/wp-content\/uploads\/2022\/08\/IMG_20211229_093418_979.jpg","contentUrl":"https:\/\/lindenpark.pl\/wp-content\/uploads\/2022\/08\/IMG_20211229_093418_979.jpg","width":1080,"height":711},{"@type":"BreadcrumbList","@id":"https:\/\/lindenpark.pl\/wydarzenie\/sensomuzyka-zajecia-dla-rodzicow-i-najmlodszych-dzieci-w-wieku-2-4-latka\/#breadcrumb","itemListElement":[{"@type":"ListItem","position":1,"name":"Strona g\u0142\u00f3wna","item":"https:\/\/lindenpark.pl\/"},{"@type":"ListItem","position":2,"name":"Wydarzenia","item":"https:\/\/lindenpark.pl\/wydarzenia\/"},{"@type":"ListItem","position":3,"name":"&#8222;SENSOMUZYKA&#8221; &#8211; zaj\u0119cia dla rodzic\u00f3w i najm\u0142odszych dzieci w wieku 2-4 latka"}]},{"@type":"WebSite","@id":"https:\/\/lindenpark.pl\/#website","url":"https:\/\/lindenpark.pl\/","name":"Lindenpark - centrum kreatywnej zabawy","description":"","publisher":{"@id":"https:\/\/lindenpark.pl\/#organization"},"potentialAction":[{"@type":"SearchAction","target":{"@type":"EntryPoint","urlTemplate":"https:\/\/lindenpark.pl\/?s={search_term_string}"},"query-input":{"@type":"PropertyValueSpecification","valueRequired":true,"valueName":"search_term_string"}}],"inLanguage":"en-GB"},{"@type":"Organization","@id":"https:\/\/lindenpark.pl\/#organization","name":"Lindenpark - centrum kreatywnej zabawy","url":"https:\/\/lindenpark.pl\/","logo":{"@type":"ImageObject","inLanguage":"en-GB","@id":"https:\/\/lindenpark.pl\/#\/schema\/logo\/image\/","url":"https:\/\/lindenpark.pl\/wp-content\/uploads\/2022\/04\/lindenpark-logomobile.png","contentUrl":"https:\/\/lindenpark.pl\/wp-content\/uploads\/2022\/04\/lindenpark-logomobile.png","width":150,"height":85,"caption":"Lindenpark - centrum kreatywnej zabawy"},"image":{"@id":"https:\/\/lindenpark.pl\/#\/schema\/logo\/image\/"},"sameAs":["https:\/\/www.facebook.com\/lindenpark.centrum","https:\/\/x.com\/KlockiLinden"]}]}},"ticketed":false,"_links":{"self":[{"href":"https:\/\/lindenpark.pl\/en\/wp-json\/wp\/v2\/tribe_events\/10734","targetHints":{"allow":["GET"]}}],"collection":[{"href":"https:\/\/lindenpark.pl\/en\/wp-json\/wp\/v2\/tribe_events"}],"about":[{"href":"https:\/\/lindenpark.pl\/en\/wp-json\/wp\/v2\/types\/tribe_events"}],"author":[{"embeddable":true,"href":"https:\/\/lindenpark.pl\/en\/wp-json\/wp\/v2\/users\/5"}],"version-history":[{"count":0,"href":"https:\/\/lindenpark.pl\/en\/wp-json\/wp\/v2\/tribe_events\/10734\/revisions"}],"wp:featuredmedia":[{"embeddable":true,"href":"https:\/\/lindenpark.pl\/en\/wp-json\/wp\/v2\/media\/10737"}],"wp:attachment":[{"href":"https:\/\/lindenpark.pl\/en\/wp-json\/wp\/v2\/media?parent=10734"}],"wp:term":[{"taxonomy":"post_tag","embeddable":true,"href":"https:\/\/lindenpark.pl\/en\/wp-json\/wp\/v2\/tags?post=10734"},{"taxonomy":"tribe_events_cat","embeddable":true,"href":"https:\/\/lindenpark.pl\/en\/wp-json\/wp\/v2\/tribe_events_cat?post=10734"}],"curies":[{"name":"wp","href":"https:\/\/api.w.org\/{rel}","templated":true}]}}