{"id":10327,"date":"2022-06-24T08:06:14","date_gmt":"2022-06-24T08:06:14","guid":{"rendered":"https:\/\/lindenpark.pl\/?post_type=tribe_events&#038;p=10327"},"modified":"2022-06-24T08:06:14","modified_gmt":"2022-06-24T08:06:14","slug":"warsztaty-sensoryczne-z-wlascicielka-i-zalozycielka-wroclawskiej-marki-sensobox-dorota","status":"publish","type":"tribe_events","link":"https:\/\/lindenpark.pl\/en\/wydarzenie\/warsztaty-sensoryczne-z-wlascicielka-i-zalozycielka-wroclawskiej-marki-sensobox-dorota\/","title":{"rendered":"Warsztaty sensoryczne z w\u0142a\u015bcicielk\u0105 i za\u0142o\u017cycielka wroc\u0142awskiej marki Sensobox- Dorot\u0105!\u00a0"},"content":{"rendered":"<p>Ju\u017c 30.06 o godzinie 14:00 pragniemy zaprosi\u0107 Was na wyj\u0105tkowe wydarzenie w Linden Park!<span class=\"Apple-converted-space\">\u00a0<\/span><\/p>\n<p>Warsztaty sensoryczne z w\u0142a\u015bcicielk\u0105 i za\u0142o\u017cycielka wroc\u0142awskiej marki Sensobox- Dorot\u0105!<span class=\"Apple-converted-space\">\u00a0<\/span><\/p>\n<p>Sensoboxy to drewniane boxy pokryte \u017cywic\u0105 epoksydow\u0105. To po\u0142\u0105czenie zabawek wspieraj\u0105cych naturalny rozw\u00f3j dziecka oraz pomocy edukacyjnych i sensorycznych. Has\u0142o jakie przy\u015bwieca nam od pocz\u0105tku to nauka przez zabaw\u0119. W taki spos\u00f3b chcemy pokazywa\u0107 \u015bwiat naszym dzieciom.<span class=\"Apple-converted-space\">\u00a0<\/span><\/p>\n<p>Znajdziecie u nas zabawki w duchu Montessori, makiety kontynent\u00f3w, pomoce dydaktyczne, sensoryczne kolorowanki. Wszystko co w spos\u00f3b ca\u0142o\u015bciowy, polisensoryczny wprowadzi dzieci w otaczaj\u0105cy \u015bwiat.<\/p>\n<p>Sensoryczne makiety kontynent\u00f3w b\u0119d\u0105 wspania\u0142\u0105 alternatywn\u0105 codziennych zabaw. Opr\u00f3cz rozwoju sensorycznego s\u0105 wyj\u015bciem do rozm\u00f3w na temat bytowania poszczeg\u00f3lnych zwierz\u0105t czy ro\u015blin. Nawet si\u0119 nie zorientujecie jak szybko maluchy przyswajaj\u0105 tak\u0105 wiedz\u0119.<\/p>\n<p>Mniejsze boxy, sensoryczne kolorowanki b\u0119d\u0105 wspania\u0142ym treningiem ma\u0142ych r\u0105czek. Pomog\u0105 kszta\u0142towa\u0107 prawid\u0142owy chwyt, przygotuj\u0105 d\u0142onie do pisania, rozwin\u0105 kreatywno\u015b\u0107 i wyobra\u017ani\u0119.<\/p>\n<p>Od Autorki:<\/p>\n<p>Mam na imi\u0119 Dorota i przede wszystkim jestem mam\u0105 3-letniego Wiktora, dzi\u0119ki kt\u00f3remu w mojej g\u0142owie pojawi\u0142 si\u0119 pomys\u0142 na sensoboxy. Pocz\u0105tkowo makiety robi\u0142am dla niego, ale z czasem pokocha\u0142am prac\u0119 z \u017cywic\u0105 epoksydow\u0105 i drewnem. Powsta\u0142y kolejne pomoce, kt\u00f3re opr\u00f3cz rozwoju sensorycznego, wp\u0142ywaj\u0105 na wiele dziedzin, rozwijaj\u0105 kreatywno\u015b\u0107, czy grafomotoryk\u0119. W ka\u017cdy box wk\u0142adam mn\u00f3stwo serca i pracy, od rysunku do gotowego produktu, nad wszystkim pracuj\u0119 sama. Chc\u0119 towarzyszy\u0107 dzieciom, wspiera\u0107 rozw\u00f3j oraz odkrywanie \u015bwiata i siebie. Zapraszam Was do mojego sensoboxowego \u015bwiata!<\/p>\n<p>\ud83c\udf33Wst\u0119p na warsztaty jest p\u0142atny- 40z\u0142\/dziecko<span class=\"Apple-converted-space\">\u00a0<\/span><\/p>\n<p>Zapis na warsztaty nast\u0119puje mailowo na adres kontakt@lindenpark.pl oraz jest potwierdzany przedp\u0142at\u0105 na konto.<\/p>\n<p><img fetchpriority=\"high\" decoding=\"async\" class=\"size-medium wp-image-10331 alignleft\" src=\"https:\/\/lindenpark.pl\/wp-content\/uploads\/2022\/06\/20220504_101324-300x300.jpeg\" alt=\"\" width=\"300\" height=\"300\" srcset=\"https:\/\/lindenpark.pl\/wp-content\/uploads\/2022\/06\/20220504_101324-300x300.jpeg 300w, https:\/\/lindenpark.pl\/wp-content\/uploads\/2022\/06\/20220504_101324-1024x1024.jpeg 1024w, https:\/\/lindenpark.pl\/wp-content\/uploads\/2022\/06\/20220504_101324-150x150.jpeg 150w, https:\/\/lindenpark.pl\/wp-content\/uploads\/2022\/06\/20220504_101324-768x768.jpeg 768w, https:\/\/lindenpark.pl\/wp-content\/uploads\/2022\/06\/20220504_101324-1536x1536.jpeg 1536w, https:\/\/lindenpark.pl\/wp-content\/uploads\/2022\/06\/20220504_101324-2048x2048.jpeg 2048w, https:\/\/lindenpark.pl\/wp-content\/uploads\/2022\/06\/20220504_101324-650x650.jpeg 650w, https:\/\/lindenpark.pl\/wp-content\/uploads\/2022\/06\/20220504_101324-1300x1300.jpeg 1300w, https:\/\/lindenpark.pl\/wp-content\/uploads\/2022\/06\/20220504_101324-1320x1320.jpeg 1320w, https:\/\/lindenpark.pl\/wp-content\/uploads\/2022\/06\/20220504_101324-600x600.jpeg 600w, https:\/\/lindenpark.pl\/wp-content\/uploads\/2022\/06\/20220504_101324-100x100.jpeg 100w\" sizes=\"(max-width: 300px) 100vw, 300px\" \/> <img decoding=\"async\" class=\"size-medium wp-image-10330 alignright\" src=\"https:\/\/lindenpark.pl\/wp-content\/uploads\/2022\/06\/20220328_134308-300x300.jpeg\" alt=\"\" width=\"300\" height=\"300\" srcset=\"https:\/\/lindenpark.pl\/wp-content\/uploads\/2022\/06\/20220328_134308-300x300.jpeg 300w, https:\/\/lindenpark.pl\/wp-content\/uploads\/2022\/06\/20220328_134308-1024x1024.jpeg 1024w, https:\/\/lindenpark.pl\/wp-content\/uploads\/2022\/06\/20220328_134308-150x150.jpeg 150w, https:\/\/lindenpark.pl\/wp-content\/uploads\/2022\/06\/20220328_134308-768x768.jpeg 768w, https:\/\/lindenpark.pl\/wp-content\/uploads\/2022\/06\/20220328_134308-1536x1536.jpeg 1536w, https:\/\/lindenpark.pl\/wp-content\/uploads\/2022\/06\/20220328_134308-2048x2048.jpeg 2048w, https:\/\/lindenpark.pl\/wp-content\/uploads\/2022\/06\/20220328_134308-650x650.jpeg 650w, https:\/\/lindenpark.pl\/wp-content\/uploads\/2022\/06\/20220328_134308-1300x1300.jpeg 1300w, https:\/\/lindenpark.pl\/wp-content\/uploads\/2022\/06\/20220328_134308-1320x1320.jpeg 1320w, https:\/\/lindenpark.pl\/wp-content\/uploads\/2022\/06\/20220328_134308-600x600.jpeg 600w, https:\/\/lindenpark.pl\/wp-content\/uploads\/2022\/06\/20220328_134308-100x100.jpeg 100w\" sizes=\"(max-width: 300px) 100vw, 300px\" \/> <img decoding=\"async\" class=\"size-medium wp-image-10329 alignleft\" src=\"https:\/\/lindenpark.pl\/wp-content\/uploads\/2022\/06\/20220607_145837-300x300.jpeg\" alt=\"\" width=\"300\" height=\"300\" srcset=\"https:\/\/lindenpark.pl\/wp-content\/uploads\/2022\/06\/20220607_145837-300x300.jpeg 300w, https:\/\/lindenpark.pl\/wp-content\/uploads\/2022\/06\/20220607_145837-1024x1024.jpeg 1024w, https:\/\/lindenpark.pl\/wp-content\/uploads\/2022\/06\/20220607_145837-150x150.jpeg 150w, https:\/\/lindenpark.pl\/wp-content\/uploads\/2022\/06\/20220607_145837-768x768.jpeg 768w, https:\/\/lindenpark.pl\/wp-content\/uploads\/2022\/06\/20220607_145837-1536x1536.jpeg 1536w, https:\/\/lindenpark.pl\/wp-content\/uploads\/2022\/06\/20220607_145837-2048x2048.jpeg 2048w, https:\/\/lindenpark.pl\/wp-content\/uploads\/2022\/06\/20220607_145837-650x650.jpeg 650w, https:\/\/lindenpark.pl\/wp-content\/uploads\/2022\/06\/20220607_145837-1300x1300.jpeg 1300w, https:\/\/lindenpark.pl\/wp-content\/uploads\/2022\/06\/20220607_145837-1320x1320.jpeg 1320w, https:\/\/lindenpark.pl\/wp-content\/uploads\/2022\/06\/20220607_145837-600x600.jpeg 600w, https:\/\/lindenpark.pl\/wp-content\/uploads\/2022\/06\/20220607_145837-100x100.jpeg 100w\" sizes=\"(max-width: 300px) 100vw, 300px\" \/> <img loading=\"lazy\" decoding=\"async\" class=\"size-medium wp-image-10328 alignright\" src=\"https:\/\/lindenpark.pl\/wp-content\/uploads\/2022\/06\/20220605_163515-300x300.jpeg\" alt=\"\" width=\"300\" height=\"300\" srcset=\"https:\/\/lindenpark.pl\/wp-content\/uploads\/2022\/06\/20220605_163515-300x300.jpeg 300w, https:\/\/lindenpark.pl\/wp-content\/uploads\/2022\/06\/20220605_163515-1024x1024.jpeg 1024w, https:\/\/lindenpark.pl\/wp-content\/uploads\/2022\/06\/20220605_163515-150x150.jpeg 150w, https:\/\/lindenpark.pl\/wp-content\/uploads\/2022\/06\/20220605_163515-768x768.jpeg 768w, https:\/\/lindenpark.pl\/wp-content\/uploads\/2022\/06\/20220605_163515-1536x1536.jpeg 1536w, https:\/\/lindenpark.pl\/wp-content\/uploads\/2022\/06\/20220605_163515-2048x2048.jpeg 2048w, https:\/\/lindenpark.pl\/wp-content\/uploads\/2022\/06\/20220605_163515-650x650.jpeg 650w, https:\/\/lindenpark.pl\/wp-content\/uploads\/2022\/06\/20220605_163515-1300x1300.jpeg 1300w, https:\/\/lindenpark.pl\/wp-content\/uploads\/2022\/06\/20220605_163515-1320x1320.jpeg 1320w, https:\/\/lindenpark.pl\/wp-content\/uploads\/2022\/06\/20220605_163515-600x600.jpeg 600w, https:\/\/lindenpark.pl\/wp-content\/uploads\/2022\/06\/20220605_163515-100x100.jpeg 100w\" sizes=\"(max-width: 300px) 100vw, 300px\" \/><\/p>","protected":false},"excerpt":{"rendered":"<p>Ju\u017c 30.06 o godzinie 14:00 pragniemy zaprosi\u0107 Was na wyj\u0105tkowe wydarzenie w Linden Park!\u00a0 Warsztaty sensoryczne z w\u0142a\u015bcicielk\u0105 i za\u0142o\u017cycielka wroc\u0142awskiej marki Sensobox- Dorot\u0105!\u00a0 Sensoboxy to drewniane boxy pokryte \u017cywic\u0105 [&hellip;]<\/p>","protected":false},"author":5,"featured_media":10330,"template":"","meta":{"_price":"","_stock":"","_tribe_ticket_header":"","_tribe_default_ticket_provider":"","_tribe_ticket_capacity":"0","_ticket_start_date":"","_ticket_end_date":"","_tribe_ticket_show_description":"","_tribe_ticket_show_not_going":false,"_tribe_ticket_use_global_stock":"","_tribe_ticket_global_stock_level":"","_global_stock_mode":"","_global_stock_cap":"","_tribe_rsvp_for_event":"","_tribe_ticket_going_count":"","_tribe_ticket_not_going_count":"","_tribe_tickets_list":"[]","_tribe_ticket_has_attendee_info_fields":false,"_tribe_events_status":"","_tribe_events_status_reason":"","footnotes":"","_tec_slr_enabled":"","_tec_slr_layout":""},"tags":[],"tribe_events_cat":[74,73],"class_list":["post-10327","tribe_events","type-tribe_events","status-publish","has-post-thumbnail","hentry","tribe_events_cat-dla-doroslych","tribe_events_cat-dla-dzieci","cat_dla-doroslych","cat_dla-dzieci"],"yoast_head":"<!-- This site is optimized with the Yoast SEO plugin v26.0 - https:\/\/yoast.com\/wordpress\/plugins\/seo\/ -->\n<title>Warsztaty sensoryczne z w\u0142a\u015bcicielk\u0105 i za\u0142o\u017cycielka wroc\u0142awskiej marki Sensobox- Dorot\u0105!\u00a0 - Lindenpark<\/title>\n<meta name=\"robots\" content=\"index, follow, max-snippet:-1, max-image-preview:large, max-video-preview:-1\" \/>\n<link rel=\"canonical\" href=\"https:\/\/lindenpark.pl\/en\/wydarzenie\/warsztaty-sensoryczne-z-wlascicielka-i-zalozycielka-wroclawskiej-marki-sensobox-dorota\/\" \/>\n<meta property=\"og:locale\" content=\"en_GB\" \/>\n<meta property=\"og:type\" content=\"article\" \/>\n<meta property=\"og:title\" content=\"Warsztaty sensoryczne z w\u0142a\u015bcicielk\u0105 i za\u0142o\u017cycielka wroc\u0142awskiej marki Sensobox- Dorot\u0105!\u00a0 - Lindenpark\" \/>\n<meta property=\"og:description\" content=\"Ju\u017c 30.06 o godzinie 14:00 pragniemy zaprosi\u0107 Was na wyj\u0105tkowe wydarzenie w Linden Park!\u00a0 Warsztaty sensoryczne z w\u0142a\u015bcicielk\u0105 i za\u0142o\u017cycielka wroc\u0142awskiej marki Sensobox- Dorot\u0105!\u00a0 Sensoboxy to drewniane boxy pokryte \u017cywic\u0105 [&hellip;]\" \/>\n<meta property=\"og:url\" content=\"https:\/\/lindenpark.pl\/en\/wydarzenie\/warsztaty-sensoryczne-z-wlascicielka-i-zalozycielka-wroclawskiej-marki-sensobox-dorota\/\" \/>\n<meta property=\"og:site_name\" content=\"Lindenpark\" \/>\n<meta property=\"article:publisher\" content=\"https:\/\/www.facebook.com\/lindenpark.centrum\" \/>\n<meta property=\"og:image\" content=\"https:\/\/lindenpark.pl\/wp-content\/uploads\/2022\/06\/20220328_134308-scaled.jpeg\" \/>\n\t<meta property=\"og:image:width\" content=\"2560\" \/>\n\t<meta property=\"og:image:height\" content=\"2560\" \/>\n\t<meta property=\"og:image:type\" content=\"image\/jpeg\" \/>\n<meta name=\"twitter:card\" content=\"summary_large_image\" \/>\n<meta name=\"twitter:site\" content=\"@KlockiLinden\" \/>\n<meta name=\"twitter:label1\" content=\"Estimated reading time\" \/>\n\t<meta name=\"twitter:data1\" content=\"3 minutes\" \/>\n<script type=\"application\/ld+json\" class=\"yoast-schema-graph\">{\"@context\":\"https:\/\/schema.org\",\"@graph\":[{\"@type\":\"WebPage\",\"@id\":\"https:\/\/lindenpark.pl\/wydarzenie\/warsztaty-sensoryczne-z-wlascicielka-i-zalozycielka-wroclawskiej-marki-sensobox-dorota\/\",\"url\":\"https:\/\/lindenpark.pl\/wydarzenie\/warsztaty-sensoryczne-z-wlascicielka-i-zalozycielka-wroclawskiej-marki-sensobox-dorota\/\",\"name\":\"Warsztaty sensoryczne z w\u0142a\u015bcicielk\u0105 i za\u0142o\u017cycielka wroc\u0142awskiej marki Sensobox- Dorot\u0105!\u00a0 - Lindenpark\",\"isPartOf\":{\"@id\":\"https:\/\/lindenpark.pl\/#website\"},\"primaryImageOfPage\":{\"@id\":\"https:\/\/lindenpark.pl\/wydarzenie\/warsztaty-sensoryczne-z-wlascicielka-i-zalozycielka-wroclawskiej-marki-sensobox-dorota\/#primaryimage\"},\"image\":{\"@id\":\"https:\/\/lindenpark.pl\/wydarzenie\/warsztaty-sensoryczne-z-wlascicielka-i-zalozycielka-wroclawskiej-marki-sensobox-dorota\/#primaryimage\"},\"thumbnailUrl\":\"https:\/\/lindenpark.pl\/wp-content\/uploads\/2022\/06\/20220328_134308-scaled.jpeg\",\"datePublished\":\"2022-06-24T08:06:14+00:00\",\"breadcrumb\":{\"@id\":\"https:\/\/lindenpark.pl\/wydarzenie\/warsztaty-sensoryczne-z-wlascicielka-i-zalozycielka-wroclawskiej-marki-sensobox-dorota\/#breadcrumb\"},\"inLanguage\":\"en-GB\",\"potentialAction\":[{\"@type\":\"ReadAction\",\"target\":[\"https:\/\/lindenpark.pl\/wydarzenie\/warsztaty-sensoryczne-z-wlascicielka-i-zalozycielka-wroclawskiej-marki-sensobox-dorota\/\"]}]},{\"@type\":\"ImageObject\",\"inLanguage\":\"en-GB\",\"@id\":\"https:\/\/lindenpark.pl\/wydarzenie\/warsztaty-sensoryczne-z-wlascicielka-i-zalozycielka-wroclawskiej-marki-sensobox-dorota\/#primaryimage\",\"url\":\"https:\/\/lindenpark.pl\/wp-content\/uploads\/2022\/06\/20220328_134308-scaled.jpeg\",\"contentUrl\":\"https:\/\/lindenpark.pl\/wp-content\/uploads\/2022\/06\/20220328_134308-scaled.jpeg\",\"width\":2560,\"height\":2560},{\"@type\":\"BreadcrumbList\",\"@id\":\"https:\/\/lindenpark.pl\/wydarzenie\/warsztaty-sensoryczne-z-wlascicielka-i-zalozycielka-wroclawskiej-marki-sensobox-dorota\/#breadcrumb\",\"itemListElement\":[{\"@type\":\"ListItem\",\"position\":1,\"name\":\"Strona g\u0142\u00f3wna\",\"item\":\"https:\/\/lindenpark.pl\/\"},{\"@type\":\"ListItem\",\"position\":2,\"name\":\"Wydarzenia\",\"item\":\"https:\/\/lindenpark.pl\/wydarzenia\/\"},{\"@type\":\"ListItem\",\"position\":3,\"name\":\"Warsztaty sensoryczne z w\u0142a\u015bcicielk\u0105 i za\u0142o\u017cycielka wroc\u0142awskiej marki Sensobox- Dorot\u0105!\u00a0\"}]},{\"@type\":\"WebSite\",\"@id\":\"https:\/\/lindenpark.pl\/#website\",\"url\":\"https:\/\/lindenpark.pl\/\",\"name\":\"Lindenpark - centrum kreatywnej zabawy\",\"description\":\"\",\"publisher\":{\"@id\":\"https:\/\/lindenpark.pl\/#organization\"},\"potentialAction\":[{\"@type\":\"SearchAction\",\"target\":{\"@type\":\"EntryPoint\",\"urlTemplate\":\"https:\/\/lindenpark.pl\/?s={search_term_string}\"},\"query-input\":{\"@type\":\"PropertyValueSpecification\",\"valueRequired\":true,\"valueName\":\"search_term_string\"}}],\"inLanguage\":\"en-GB\"},{\"@type\":\"Organization\",\"@id\":\"https:\/\/lindenpark.pl\/#organization\",\"name\":\"Lindenpark - centrum kreatywnej zabawy\",\"url\":\"https:\/\/lindenpark.pl\/\",\"logo\":{\"@type\":\"ImageObject\",\"inLanguage\":\"en-GB\",\"@id\":\"https:\/\/lindenpark.pl\/#\/schema\/logo\/image\/\",\"url\":\"https:\/\/lindenpark.pl\/wp-content\/uploads\/2022\/04\/lindenpark-logomobile.png\",\"contentUrl\":\"https:\/\/lindenpark.pl\/wp-content\/uploads\/2022\/04\/lindenpark-logomobile.png\",\"width\":150,\"height\":85,\"caption\":\"Lindenpark - centrum kreatywnej zabawy\"},\"image\":{\"@id\":\"https:\/\/lindenpark.pl\/#\/schema\/logo\/image\/\"},\"sameAs\":[\"https:\/\/www.facebook.com\/lindenpark.centrum\",\"https:\/\/x.com\/KlockiLinden\"]}]}<\/script>\n<!-- \/ Yoast SEO plugin. -->","yoast_head_json":{"title":"Warsztaty sensoryczne z w\u0142a\u015bcicielk\u0105 i za\u0142o\u017cycielka wroc\u0142awskiej marki Sensobox- Dorot\u0105!\u00a0 - Lindenpark","robots":{"index":"index","follow":"follow","max-snippet":"max-snippet:-1","max-image-preview":"max-image-preview:large","max-video-preview":"max-video-preview:-1"},"canonical":"https:\/\/lindenpark.pl\/en\/wydarzenie\/warsztaty-sensoryczne-z-wlascicielka-i-zalozycielka-wroclawskiej-marki-sensobox-dorota\/","og_locale":"en_GB","og_type":"article","og_title":"Warsztaty sensoryczne z w\u0142a\u015bcicielk\u0105 i za\u0142o\u017cycielka wroc\u0142awskiej marki Sensobox- Dorot\u0105!\u00a0 - Lindenpark","og_description":"Ju\u017c 30.06 o godzinie 14:00 pragniemy zaprosi\u0107 Was na wyj\u0105tkowe wydarzenie w Linden Park!\u00a0 Warsztaty sensoryczne z w\u0142a\u015bcicielk\u0105 i za\u0142o\u017cycielka wroc\u0142awskiej marki Sensobox- Dorot\u0105!\u00a0 Sensoboxy to drewniane boxy pokryte \u017cywic\u0105 [&hellip;]","og_url":"https:\/\/lindenpark.pl\/en\/wydarzenie\/warsztaty-sensoryczne-z-wlascicielka-i-zalozycielka-wroclawskiej-marki-sensobox-dorota\/","og_site_name":"Lindenpark","article_publisher":"https:\/\/www.facebook.com\/lindenpark.centrum","og_image":[{"width":2560,"height":2560,"url":"https:\/\/lindenpark.pl\/wp-content\/uploads\/2022\/06\/20220328_134308-scaled.jpeg","type":"image\/jpeg"}],"twitter_card":"summary_large_image","twitter_site":"@KlockiLinden","twitter_misc":{"Estimated reading time":"3 minutes"},"schema":{"@context":"https:\/\/schema.org","@graph":[{"@type":"WebPage","@id":"https:\/\/lindenpark.pl\/wydarzenie\/warsztaty-sensoryczne-z-wlascicielka-i-zalozycielka-wroclawskiej-marki-sensobox-dorota\/","url":"https:\/\/lindenpark.pl\/wydarzenie\/warsztaty-sensoryczne-z-wlascicielka-i-zalozycielka-wroclawskiej-marki-sensobox-dorota\/","name":"Warsztaty sensoryczne z w\u0142a\u015bcicielk\u0105 i za\u0142o\u017cycielka wroc\u0142awskiej marki Sensobox- Dorot\u0105!\u00a0 - Lindenpark","isPartOf":{"@id":"https:\/\/lindenpark.pl\/#website"},"primaryImageOfPage":{"@id":"https:\/\/lindenpark.pl\/wydarzenie\/warsztaty-sensoryczne-z-wlascicielka-i-zalozycielka-wroclawskiej-marki-sensobox-dorota\/#primaryimage"},"image":{"@id":"https:\/\/lindenpark.pl\/wydarzenie\/warsztaty-sensoryczne-z-wlascicielka-i-zalozycielka-wroclawskiej-marki-sensobox-dorota\/#primaryimage"},"thumbnailUrl":"https:\/\/lindenpark.pl\/wp-content\/uploads\/2022\/06\/20220328_134308-scaled.jpeg","datePublished":"2022-06-24T08:06:14+00:00","breadcrumb":{"@id":"https:\/\/lindenpark.pl\/wydarzenie\/warsztaty-sensoryczne-z-wlascicielka-i-zalozycielka-wroclawskiej-marki-sensobox-dorota\/#breadcrumb"},"inLanguage":"en-GB","potentialAction":[{"@type":"ReadAction","target":["https:\/\/lindenpark.pl\/wydarzenie\/warsztaty-sensoryczne-z-wlascicielka-i-zalozycielka-wroclawskiej-marki-sensobox-dorota\/"]}]},{"@type":"ImageObject","inLanguage":"en-GB","@id":"https:\/\/lindenpark.pl\/wydarzenie\/warsztaty-sensoryczne-z-wlascicielka-i-zalozycielka-wroclawskiej-marki-sensobox-dorota\/#primaryimage","url":"https:\/\/lindenpark.pl\/wp-content\/uploads\/2022\/06\/20220328_134308-scaled.jpeg","contentUrl":"https:\/\/lindenpark.pl\/wp-content\/uploads\/2022\/06\/20220328_134308-scaled.jpeg","width":2560,"height":2560},{"@type":"BreadcrumbList","@id":"https:\/\/lindenpark.pl\/wydarzenie\/warsztaty-sensoryczne-z-wlascicielka-i-zalozycielka-wroclawskiej-marki-sensobox-dorota\/#breadcrumb","itemListElement":[{"@type":"ListItem","position":1,"name":"Strona g\u0142\u00f3wna","item":"https:\/\/lindenpark.pl\/"},{"@type":"ListItem","position":2,"name":"Wydarzenia","item":"https:\/\/lindenpark.pl\/wydarzenia\/"},{"@type":"ListItem","position":3,"name":"Warsztaty sensoryczne z w\u0142a\u015bcicielk\u0105 i za\u0142o\u017cycielka wroc\u0142awskiej marki Sensobox- Dorot\u0105!\u00a0"}]},{"@type":"WebSite","@id":"https:\/\/lindenpark.pl\/#website","url":"https:\/\/lindenpark.pl\/","name":"Lindenpark - centrum kreatywnej zabawy","description":"","publisher":{"@id":"https:\/\/lindenpark.pl\/#organization"},"potentialAction":[{"@type":"SearchAction","target":{"@type":"EntryPoint","urlTemplate":"https:\/\/lindenpark.pl\/?s={search_term_string}"},"query-input":{"@type":"PropertyValueSpecification","valueRequired":true,"valueName":"search_term_string"}}],"inLanguage":"en-GB"},{"@type":"Organization","@id":"https:\/\/lindenpark.pl\/#organization","name":"Lindenpark - centrum kreatywnej zabawy","url":"https:\/\/lindenpark.pl\/","logo":{"@type":"ImageObject","inLanguage":"en-GB","@id":"https:\/\/lindenpark.pl\/#\/schema\/logo\/image\/","url":"https:\/\/lindenpark.pl\/wp-content\/uploads\/2022\/04\/lindenpark-logomobile.png","contentUrl":"https:\/\/lindenpark.pl\/wp-content\/uploads\/2022\/04\/lindenpark-logomobile.png","width":150,"height":85,"caption":"Lindenpark - centrum kreatywnej zabawy"},"image":{"@id":"https:\/\/lindenpark.pl\/#\/schema\/logo\/image\/"},"sameAs":["https:\/\/www.facebook.com\/lindenpark.centrum","https:\/\/x.com\/KlockiLinden"]}]}},"ticketed":false,"_links":{"self":[{"href":"https:\/\/lindenpark.pl\/en\/wp-json\/wp\/v2\/tribe_events\/10327","targetHints":{"allow":["GET"]}}],"collection":[{"href":"https:\/\/lindenpark.pl\/en\/wp-json\/wp\/v2\/tribe_events"}],"about":[{"href":"https:\/\/lindenpark.pl\/en\/wp-json\/wp\/v2\/types\/tribe_events"}],"author":[{"embeddable":true,"href":"https:\/\/lindenpark.pl\/en\/wp-json\/wp\/v2\/users\/5"}],"version-history":[{"count":0,"href":"https:\/\/lindenpark.pl\/en\/wp-json\/wp\/v2\/tribe_events\/10327\/revisions"}],"wp:featuredmedia":[{"embeddable":true,"href":"https:\/\/lindenpark.pl\/en\/wp-json\/wp\/v2\/media\/10330"}],"wp:attachment":[{"href":"https:\/\/lindenpark.pl\/en\/wp-json\/wp\/v2\/media?parent=10327"}],"wp:term":[{"taxonomy":"post_tag","embeddable":true,"href":"https:\/\/lindenpark.pl\/en\/wp-json\/wp\/v2\/tags?post=10327"},{"taxonomy":"tribe_events_cat","embeddable":true,"href":"https:\/\/lindenpark.pl\/en\/wp-json\/wp\/v2\/tribe_events_cat?post=10327"}],"curies":[{"name":"wp","href":"https:\/\/api.w.org\/{rel}","templated":true}]}}