{"id":10291,"date":"2022-06-22T15:53:50","date_gmt":"2022-06-22T15:53:50","guid":{"rendered":"https:\/\/lindenpark.pl\/?post_type=tribe_events&#038;p=10291"},"modified":"2022-06-23T10:08:41","modified_gmt":"2022-06-23T10:08:41","slug":"tato-zbudujmy-cos-razem","status":"publish","type":"tribe_events","link":"https:\/\/lindenpark.pl\/en\/wydarzenie\/tato-zbudujmy-cos-razem\/","title":{"rendered":"Tato, zbudujmy co\u015b\u00a0razem!"},"content":{"rendered":"<p>Z okazji Dnia Ojca Lindenpark zaprasza wszystkich ojc\u00f3w, tatk\u00f3w i tatusi\u00f3w do wsp\u00f3lnej zabawy ze swoimi pociechami.<\/p>\n<p>Z tej okazji podaruj sobie najlepszy prezent &#8211; czas sp\u0119dzony ze swoim dzieckiem na wsp\u00f3lnej zabawie.<\/p>\n<p>Na naszym placu zabaw mamy dla Was 15.000 wyj\u0105tkowych klock\u00f3w Linden!<\/p>\n<p>Program:<\/p>\n<p>\u201eM\u00f3j tata &#8211; cz\u0142owiek renesansu\u201d<\/p>\n<p>O ka\u017cdej r\u00f3wnej godzinie poczynaj\u0105c od 10:00 a\u017c do 20:00  nasi animatorzy  wprowadza Was w \u015awiat  idei miasta renesansowego tzw. : \u201eCita ideale\u201d Wsp\u00f3lnie b\u0119dziemy tworzy\u0107 miasta, budynki, ulice, rynki pe\u0142ne renesansowej harmonii i \u0142adu budowane na planie cz\u0142owieka.<\/p>\n<p>Do\u0142\u0105cz do naszej kreatywnej zabawy, pe\u0142nej pozytywnych emocji i niezapomnianych wra\u017ce\u0144!<br \/>\nZabawa przeznaczona do wsp\u00f3lnego budowania doros\u0142ych z dzie\u0107mi. Jej celem jest<span class=\"Apple-converted-space\">\u00a0<\/span> zaw\u0119\u017cania relacji rodzinnych, budowanie autorytetu Ojca, tworzenie warunk\u00f3w dla wsp\u00f3lnego sp\u0119dzania czasu na m\u0105drej, kreatywnej zabawie, pe\u0142nej pozytywnych emocji i niezapomnianych wyra\u017ce\u0144.<\/p>\n<p>Serdecznie zapraszamy!<\/p>\n<p>Zesp\u00f3\u0142 Lindenpark.<\/p>\n<p><img fetchpriority=\"high\" decoding=\"async\" src=\"https:\/\/lindenpark.pl\/wp-content\/uploads\/2022\/06\/IMG_6209-225x300.jpg\" alt=\"\" width=\"225\" height=\"300\" class=\"alignnone size-medium wp-image-10306\" srcset=\"https:\/\/lindenpark.pl\/wp-content\/uploads\/2022\/06\/IMG_6209-225x300.jpg 225w, https:\/\/lindenpark.pl\/wp-content\/uploads\/2022\/06\/IMG_6209.jpg 480w\" sizes=\"(max-width: 225px) 100vw, 225px\" \/><\/p>\n<p><img decoding=\"async\" src=\"https:\/\/lindenpark.pl\/wp-content\/uploads\/2022\/06\/IMG_6217-225x300.jpg\" alt=\"\" width=\"225\" height=\"300\" class=\"alignnone size-medium wp-image-10305\" srcset=\"https:\/\/lindenpark.pl\/wp-content\/uploads\/2022\/06\/IMG_6217-225x300.jpg 225w, https:\/\/lindenpark.pl\/wp-content\/uploads\/2022\/06\/IMG_6217.jpg 480w\" sizes=\"(max-width: 225px) 100vw, 225px\" \/><\/p>\n<p><img decoding=\"async\" src=\"https:\/\/lindenpark.pl\/wp-content\/uploads\/2022\/06\/IMG_6218-225x300.jpg\" alt=\"\" width=\"225\" height=\"300\" class=\"alignnone size-medium wp-image-10304\" srcset=\"https:\/\/lindenpark.pl\/wp-content\/uploads\/2022\/06\/IMG_6218-225x300.jpg 225w, https:\/\/lindenpark.pl\/wp-content\/uploads\/2022\/06\/IMG_6218.jpg 480w\" sizes=\"(max-width: 225px) 100vw, 225px\" \/><\/p>\n<p><img loading=\"lazy\" decoding=\"async\" src=\"https:\/\/lindenpark.pl\/wp-content\/uploads\/2022\/06\/IMG_6270-1-225x300.jpg\" alt=\"\" width=\"225\" height=\"300\" class=\"alignnone size-medium wp-image-10303\" srcset=\"https:\/\/lindenpark.pl\/wp-content\/uploads\/2022\/06\/IMG_6270-1-225x300.jpg 225w, https:\/\/lindenpark.pl\/wp-content\/uploads\/2022\/06\/IMG_6270-1.jpg 480w\" sizes=\"(max-width: 225px) 100vw, 225px\" \/><\/p>\n<p><img loading=\"lazy\" decoding=\"async\" src=\"https:\/\/lindenpark.pl\/wp-content\/uploads\/2022\/06\/IMG_6280-225x300.jpg\" alt=\"\" width=\"225\" height=\"300\" class=\"alignnone size-medium wp-image-10302\" srcset=\"https:\/\/lindenpark.pl\/wp-content\/uploads\/2022\/06\/IMG_6280-225x300.jpg 225w, https:\/\/lindenpark.pl\/wp-content\/uploads\/2022\/06\/IMG_6280.jpg 480w\" sizes=\"(max-width: 225px) 100vw, 225px\" \/><\/p>","protected":false},"excerpt":{"rendered":"<p>Z okazji Dnia Ojca Lindenpark zaprasza wszystkich ojc\u00f3w, tatk\u00f3w i tatusi\u00f3w do wsp\u00f3lnej zabawy ze swoimi pociechami. Z tej okazji podaruj sobie najlepszy prezent &#8211; czas sp\u0119dzony ze swoim dzieckiem [&hellip;]<\/p>","protected":false},"author":2,"featured_media":10320,"template":"","meta":{"_price":"","_stock":"","_tribe_ticket_header":"","_tribe_default_ticket_provider":"","_tribe_ticket_capacity":"0","_ticket_start_date":"","_ticket_end_date":"","_tribe_ticket_show_description":"","_tribe_ticket_show_not_going":false,"_tribe_ticket_use_global_stock":"","_tribe_ticket_global_stock_level":"","_global_stock_mode":"","_global_stock_cap":"","_tribe_rsvp_for_event":"","_tribe_ticket_going_count":"","_tribe_ticket_not_going_count":"","_tribe_tickets_list":"[]","_tribe_ticket_has_attendee_info_fields":false,"_tribe_events_status":"","_tribe_events_status_reason":"","footnotes":"","_tec_slr_enabled":"","_tec_slr_layout":""},"tags":[],"tribe_events_cat":[74,73],"class_list":["post-10291","tribe_events","type-tribe_events","status-publish","has-post-thumbnail","hentry","tribe_events_cat-dla-doroslych","tribe_events_cat-dla-dzieci","cat_dla-doroslych","cat_dla-dzieci"],"yoast_head":"<!-- This site is optimized with the Yoast SEO plugin v26.0 - https:\/\/yoast.com\/wordpress\/plugins\/seo\/ -->\n<title>Tato, zbudujmy co\u015b\u00a0razem! - Lindenpark<\/title>\n<meta name=\"description\" content=\"Z okazji Dnia Ojca Lindenpark zaprasza wszystkich ojc\u00f3w, tatk\u00f3w i tatusi\u00f3w do wsp\u00f3lnej zabawy ze swoimi pociechami.\" \/>\n<meta name=\"robots\" content=\"index, follow, max-snippet:-1, max-image-preview:large, max-video-preview:-1\" \/>\n<link rel=\"canonical\" href=\"https:\/\/lindenpark.pl\/en\/wydarzenie\/tato-zbudujmy-cos-razem\/\" \/>\n<meta property=\"og:locale\" content=\"en_GB\" \/>\n<meta property=\"og:type\" content=\"article\" \/>\n<meta property=\"og:title\" content=\"Tato, zbudujmy co\u015b\u00a0razem! - Lindenpark\" \/>\n<meta property=\"og:description\" content=\"Z okazji Dnia Ojca Lindenpark zaprasza wszystkich ojc\u00f3w, tatk\u00f3w i tatusi\u00f3w do wsp\u00f3lnej zabawy ze swoimi pociechami.\" \/>\n<meta property=\"og:url\" content=\"https:\/\/lindenpark.pl\/en\/wydarzenie\/tato-zbudujmy-cos-razem\/\" \/>\n<meta property=\"og:site_name\" content=\"Lindenpark\" \/>\n<meta property=\"article:publisher\" content=\"https:\/\/www.facebook.com\/lindenpark.centrum\" \/>\n<meta property=\"article:modified_time\" content=\"2022-06-23T10:08:41+00:00\" \/>\n<meta property=\"og:image\" content=\"https:\/\/lindenpark.pl\/wp-content\/uploads\/2022\/06\/dzien-ojca1.jpg\" \/>\n\t<meta property=\"og:image:width\" content=\"1080\" \/>\n\t<meta property=\"og:image:height\" content=\"1080\" \/>\n\t<meta property=\"og:image:type\" content=\"image\/jpeg\" \/>\n<meta name=\"twitter:card\" content=\"summary_large_image\" \/>\n<meta name=\"twitter:site\" content=\"@KlockiLinden\" \/>\n<meta name=\"twitter:label1\" content=\"Estimated reading time\" \/>\n\t<meta name=\"twitter:data1\" content=\"1 minute\" \/>\n<script type=\"application\/ld+json\" class=\"yoast-schema-graph\">{\"@context\":\"https:\/\/schema.org\",\"@graph\":[{\"@type\":\"WebPage\",\"@id\":\"https:\/\/lindenpark.pl\/wydarzenie\/tato-zbudujmy-cos-razem\/\",\"url\":\"https:\/\/lindenpark.pl\/wydarzenie\/tato-zbudujmy-cos-razem\/\",\"name\":\"Tato, zbudujmy co\u015b\u00a0razem! - Lindenpark\",\"isPartOf\":{\"@id\":\"https:\/\/lindenpark.pl\/#website\"},\"primaryImageOfPage\":{\"@id\":\"https:\/\/lindenpark.pl\/wydarzenie\/tato-zbudujmy-cos-razem\/#primaryimage\"},\"image\":{\"@id\":\"https:\/\/lindenpark.pl\/wydarzenie\/tato-zbudujmy-cos-razem\/#primaryimage\"},\"thumbnailUrl\":\"https:\/\/lindenpark.pl\/wp-content\/uploads\/2022\/06\/dzien-ojca1.jpg\",\"datePublished\":\"2022-06-22T15:53:50+00:00\",\"dateModified\":\"2022-06-23T10:08:41+00:00\",\"description\":\"Z okazji Dnia Ojca Lindenpark zaprasza wszystkich ojc\u00f3w, tatk\u00f3w i tatusi\u00f3w do wsp\u00f3lnej zabawy ze swoimi pociechami.\",\"breadcrumb\":{\"@id\":\"https:\/\/lindenpark.pl\/wydarzenie\/tato-zbudujmy-cos-razem\/#breadcrumb\"},\"inLanguage\":\"en-GB\",\"potentialAction\":[{\"@type\":\"ReadAction\",\"target\":[\"https:\/\/lindenpark.pl\/wydarzenie\/tato-zbudujmy-cos-razem\/\"]}]},{\"@type\":\"ImageObject\",\"inLanguage\":\"en-GB\",\"@id\":\"https:\/\/lindenpark.pl\/wydarzenie\/tato-zbudujmy-cos-razem\/#primaryimage\",\"url\":\"https:\/\/lindenpark.pl\/wp-content\/uploads\/2022\/06\/dzien-ojca1.jpg\",\"contentUrl\":\"https:\/\/lindenpark.pl\/wp-content\/uploads\/2022\/06\/dzien-ojca1.jpg\",\"width\":1080,\"height\":1080},{\"@type\":\"BreadcrumbList\",\"@id\":\"https:\/\/lindenpark.pl\/wydarzenie\/tato-zbudujmy-cos-razem\/#breadcrumb\",\"itemListElement\":[{\"@type\":\"ListItem\",\"position\":1,\"name\":\"Strona g\u0142\u00f3wna\",\"item\":\"https:\/\/lindenpark.pl\/\"},{\"@type\":\"ListItem\",\"position\":2,\"name\":\"Wydarzenia\",\"item\":\"https:\/\/lindenpark.pl\/wydarzenia\/\"},{\"@type\":\"ListItem\",\"position\":3,\"name\":\"Tato, zbudujmy co\u015b\u00a0razem!\"}]},{\"@type\":\"WebSite\",\"@id\":\"https:\/\/lindenpark.pl\/#website\",\"url\":\"https:\/\/lindenpark.pl\/\",\"name\":\"Lindenpark - centrum kreatywnej zabawy\",\"description\":\"\",\"publisher\":{\"@id\":\"https:\/\/lindenpark.pl\/#organization\"},\"potentialAction\":[{\"@type\":\"SearchAction\",\"target\":{\"@type\":\"EntryPoint\",\"urlTemplate\":\"https:\/\/lindenpark.pl\/?s={search_term_string}\"},\"query-input\":{\"@type\":\"PropertyValueSpecification\",\"valueRequired\":true,\"valueName\":\"search_term_string\"}}],\"inLanguage\":\"en-GB\"},{\"@type\":\"Organization\",\"@id\":\"https:\/\/lindenpark.pl\/#organization\",\"name\":\"Lindenpark - centrum kreatywnej zabawy\",\"url\":\"https:\/\/lindenpark.pl\/\",\"logo\":{\"@type\":\"ImageObject\",\"inLanguage\":\"en-GB\",\"@id\":\"https:\/\/lindenpark.pl\/#\/schema\/logo\/image\/\",\"url\":\"https:\/\/lindenpark.pl\/wp-content\/uploads\/2022\/04\/lindenpark-logomobile.png\",\"contentUrl\":\"https:\/\/lindenpark.pl\/wp-content\/uploads\/2022\/04\/lindenpark-logomobile.png\",\"width\":150,\"height\":85,\"caption\":\"Lindenpark - centrum kreatywnej zabawy\"},\"image\":{\"@id\":\"https:\/\/lindenpark.pl\/#\/schema\/logo\/image\/\"},\"sameAs\":[\"https:\/\/www.facebook.com\/lindenpark.centrum\",\"https:\/\/x.com\/KlockiLinden\"]}]}<\/script>\n<!-- \/ Yoast SEO plugin. -->","yoast_head_json":{"title":"Tato, zbudujmy co\u015b\u00a0razem! - Lindenpark","description":"Z okazji Dnia Ojca Lindenpark zaprasza wszystkich ojc\u00f3w, tatk\u00f3w i tatusi\u00f3w do wsp\u00f3lnej zabawy ze swoimi pociechami.","robots":{"index":"index","follow":"follow","max-snippet":"max-snippet:-1","max-image-preview":"max-image-preview:large","max-video-preview":"max-video-preview:-1"},"canonical":"https:\/\/lindenpark.pl\/en\/wydarzenie\/tato-zbudujmy-cos-razem\/","og_locale":"en_GB","og_type":"article","og_title":"Tato, zbudujmy co\u015b\u00a0razem! - Lindenpark","og_description":"Z okazji Dnia Ojca Lindenpark zaprasza wszystkich ojc\u00f3w, tatk\u00f3w i tatusi\u00f3w do wsp\u00f3lnej zabawy ze swoimi pociechami.","og_url":"https:\/\/lindenpark.pl\/en\/wydarzenie\/tato-zbudujmy-cos-razem\/","og_site_name":"Lindenpark","article_publisher":"https:\/\/www.facebook.com\/lindenpark.centrum","article_modified_time":"2022-06-23T10:08:41+00:00","og_image":[{"width":1080,"height":1080,"url":"https:\/\/lindenpark.pl\/wp-content\/uploads\/2022\/06\/dzien-ojca1.jpg","type":"image\/jpeg"}],"twitter_card":"summary_large_image","twitter_site":"@KlockiLinden","twitter_misc":{"Estimated reading time":"1 minute"},"schema":{"@context":"https:\/\/schema.org","@graph":[{"@type":"WebPage","@id":"https:\/\/lindenpark.pl\/wydarzenie\/tato-zbudujmy-cos-razem\/","url":"https:\/\/lindenpark.pl\/wydarzenie\/tato-zbudujmy-cos-razem\/","name":"Tato, zbudujmy co\u015b\u00a0razem! - Lindenpark","isPartOf":{"@id":"https:\/\/lindenpark.pl\/#website"},"primaryImageOfPage":{"@id":"https:\/\/lindenpark.pl\/wydarzenie\/tato-zbudujmy-cos-razem\/#primaryimage"},"image":{"@id":"https:\/\/lindenpark.pl\/wydarzenie\/tato-zbudujmy-cos-razem\/#primaryimage"},"thumbnailUrl":"https:\/\/lindenpark.pl\/wp-content\/uploads\/2022\/06\/dzien-ojca1.jpg","datePublished":"2022-06-22T15:53:50+00:00","dateModified":"2022-06-23T10:08:41+00:00","description":"Z okazji Dnia Ojca Lindenpark zaprasza wszystkich ojc\u00f3w, tatk\u00f3w i tatusi\u00f3w do wsp\u00f3lnej zabawy ze swoimi pociechami.","breadcrumb":{"@id":"https:\/\/lindenpark.pl\/wydarzenie\/tato-zbudujmy-cos-razem\/#breadcrumb"},"inLanguage":"en-GB","potentialAction":[{"@type":"ReadAction","target":["https:\/\/lindenpark.pl\/wydarzenie\/tato-zbudujmy-cos-razem\/"]}]},{"@type":"ImageObject","inLanguage":"en-GB","@id":"https:\/\/lindenpark.pl\/wydarzenie\/tato-zbudujmy-cos-razem\/#primaryimage","url":"https:\/\/lindenpark.pl\/wp-content\/uploads\/2022\/06\/dzien-ojca1.jpg","contentUrl":"https:\/\/lindenpark.pl\/wp-content\/uploads\/2022\/06\/dzien-ojca1.jpg","width":1080,"height":1080},{"@type":"BreadcrumbList","@id":"https:\/\/lindenpark.pl\/wydarzenie\/tato-zbudujmy-cos-razem\/#breadcrumb","itemListElement":[{"@type":"ListItem","position":1,"name":"Strona g\u0142\u00f3wna","item":"https:\/\/lindenpark.pl\/"},{"@type":"ListItem","position":2,"name":"Wydarzenia","item":"https:\/\/lindenpark.pl\/wydarzenia\/"},{"@type":"ListItem","position":3,"name":"Tato, zbudujmy co\u015b\u00a0razem!"}]},{"@type":"WebSite","@id":"https:\/\/lindenpark.pl\/#website","url":"https:\/\/lindenpark.pl\/","name":"Lindenpark - centrum kreatywnej zabawy","description":"","publisher":{"@id":"https:\/\/lindenpark.pl\/#organization"},"potentialAction":[{"@type":"SearchAction","target":{"@type":"EntryPoint","urlTemplate":"https:\/\/lindenpark.pl\/?s={search_term_string}"},"query-input":{"@type":"PropertyValueSpecification","valueRequired":true,"valueName":"search_term_string"}}],"inLanguage":"en-GB"},{"@type":"Organization","@id":"https:\/\/lindenpark.pl\/#organization","name":"Lindenpark - centrum kreatywnej zabawy","url":"https:\/\/lindenpark.pl\/","logo":{"@type":"ImageObject","inLanguage":"en-GB","@id":"https:\/\/lindenpark.pl\/#\/schema\/logo\/image\/","url":"https:\/\/lindenpark.pl\/wp-content\/uploads\/2022\/04\/lindenpark-logomobile.png","contentUrl":"https:\/\/lindenpark.pl\/wp-content\/uploads\/2022\/04\/lindenpark-logomobile.png","width":150,"height":85,"caption":"Lindenpark - centrum kreatywnej zabawy"},"image":{"@id":"https:\/\/lindenpark.pl\/#\/schema\/logo\/image\/"},"sameAs":["https:\/\/www.facebook.com\/lindenpark.centrum","https:\/\/x.com\/KlockiLinden"]}]}},"ticketed":false,"_links":{"self":[{"href":"https:\/\/lindenpark.pl\/en\/wp-json\/wp\/v2\/tribe_events\/10291","targetHints":{"allow":["GET"]}}],"collection":[{"href":"https:\/\/lindenpark.pl\/en\/wp-json\/wp\/v2\/tribe_events"}],"about":[{"href":"https:\/\/lindenpark.pl\/en\/wp-json\/wp\/v2\/types\/tribe_events"}],"author":[{"embeddable":true,"href":"https:\/\/lindenpark.pl\/en\/wp-json\/wp\/v2\/users\/2"}],"version-history":[{"count":0,"href":"https:\/\/lindenpark.pl\/en\/wp-json\/wp\/v2\/tribe_events\/10291\/revisions"}],"wp:featuredmedia":[{"embeddable":true,"href":"https:\/\/lindenpark.pl\/en\/wp-json\/wp\/v2\/media\/10320"}],"wp:attachment":[{"href":"https:\/\/lindenpark.pl\/en\/wp-json\/wp\/v2\/media?parent=10291"}],"wp:term":[{"taxonomy":"post_tag","embeddable":true,"href":"https:\/\/lindenpark.pl\/en\/wp-json\/wp\/v2\/tags?post=10291"},{"taxonomy":"tribe_events_cat","embeddable":true,"href":"https:\/\/lindenpark.pl\/en\/wp-json\/wp\/v2\/tribe_events_cat?post=10291"}],"curies":[{"name":"wp","href":"https:\/\/api.w.org\/{rel}","templated":true}]}}